
{"id":39,"date":"2021-04-04T02:44:26","date_gmt":"2021-04-04T02:44:26","guid":{"rendered":"https:\/\/ihume.org\/?page_id=39"},"modified":"2022-06-12T00:19:06","modified_gmt":"2022-06-12T00:19:06","slug":"actividades","status":"publish","type":"page","link":"https:\/\/ihume.org\/en\/actividades\/","title":{"rendered":"Activities"},"content":{"rendered":"<div data-elementor-type=\"wp-page\" data-elementor-id=\"39\" class=\"elementor elementor-39\" data-elementor-post-type=\"page\">\n\t\t\t\t\t\t\t\t\t<section class=\"elementor-section elementor-top-section elementor-element elementor-element-e7bc842 elementor-section-height-min-height elementor-section-boxed elementor-section-height-default elementor-section-items-middle\" data-id=\"e7bc842\" data-element_type=\"section\" data-settings=\"{&quot;background_background&quot;:&quot;classic&quot;}\">\n\t\t\t\t\t\t\t<div class=\"elementor-background-overlay\"><\/div>\n\t\t\t\t\t\t\t<div class=\"elementor-container elementor-column-gap-default\">\n\t\t\t\t\t<div class=\"elementor-column elementor-col-100 elementor-top-column elementor-element elementor-element-806b7d1\" data-id=\"806b7d1\" data-element_type=\"column\">\n\t\t\t<div class=\"elementor-widget-wrap elementor-element-populated\">\n\t\t\t\t\t\t\t\t<div class=\"elementor-element elementor-element-e224470 elementor-widget elementor-widget-heading\" data-id=\"e224470\" data-element_type=\"widget\" data-widget_type=\"heading.default\">\n\t\t\t\t<div class=\"elementor-widget-container\">\n\t\t\t<h2 class=\"elementor-heading-title elementor-size-default\">Activities<\/h2>\t\t<\/div>\n\t\t\t\t<\/div>\n\t\t\t\t<section class=\"elementor-section elementor-inner-section elementor-element elementor-element-816d87b elementor-section-boxed elementor-section-height-default elementor-section-height-default\" data-id=\"816d87b\" data-element_type=\"section\">\n\t\t\t\t\t\t<div class=\"elementor-container elementor-column-gap-default\">\n\t\t\t\t\t<div class=\"elementor-column elementor-col-100 elementor-inner-column elementor-element elementor-element-2ee2fa8\" data-id=\"2ee2fa8\" data-element_type=\"column\">\n\t\t\t<div class=\"elementor-widget-wrap elementor-element-populated\">\n\t\t\t\t\t\t\t\t<div class=\"elementor-element elementor-element-59c5401 float elementor-view-default elementor-widget elementor-widget-icon\" data-id=\"59c5401\" data-element_type=\"widget\" data-widget_type=\"icon.default\">\n\t\t\t\t<div class=\"elementor-widget-container\">\n\t\t\t\t\t<div class=\"elementor-icon-wrapper\">\n\t\t\t<a class=\"elementor-icon\" href=\"#actividades\">\n\t\t\t<i aria-hidden=\"true\" class=\"fas fa-angle-down\"><\/i>\t\t\t<\/a>\n\t\t<\/div>\n\t\t\t\t<\/div>\n\t\t\t\t<\/div>\n\t\t\t\t\t<\/div>\n\t\t<\/div>\n\t\t\t\t\t\t\t<\/div>\n\t\t<\/section>\n\t\t\t\t\t<\/div>\n\t\t<\/div>\n\t\t\t\t\t\t\t<\/div>\n\t\t<\/section>\n\t\t\t\t<section class=\"elementor-section elementor-top-section elementor-element elementor-element-ef104b8 elementor-section-boxed elementor-section-height-default elementor-section-height-default\" data-id=\"ef104b8\" data-element_type=\"section\" id=\"actividades\">\n\t\t\t\t\t\t<div class=\"elementor-container elementor-column-gap-wide\">\n\t\t\t\t\t<div class=\"elementor-column elementor-col-50 elementor-top-column elementor-element elementor-element-2fae3ef\" data-id=\"2fae3ef\" data-element_type=\"column\">\n\t\t\t<div class=\"elementor-widget-wrap elementor-element-populated\">\n\t\t\t\t\t\t\t\t<div class=\"elementor-element elementor-element-7d46aa7 elementor-widget elementor-widget-heading\" data-id=\"7d46aa7\" data-element_type=\"widget\" data-widget_type=\"heading.default\">\n\t\t\t\t<div class=\"elementor-widget-container\">\n\t\t\t<h2 class=\"elementor-heading-title elementor-size-default\">NEXT ACTIVITIES<\/h2>\t\t<\/div>\n\t\t\t\t<\/div>\n\t\t\t\t<div class=\"elementor-element elementor-element-7524512 elementor-grid-1 elementor-posts--thumbnail-none elementor-grid-tablet-2 elementor-grid-mobile-1 elementor-card-shadow-yes elementor-posts__hover-gradient elementor-widget elementor-widget-posts\" data-id=\"7524512\" data-element_type=\"widget\" data-settings=\"{&quot;cards_columns&quot;:&quot;1&quot;,&quot;cards_columns_tablet&quot;:&quot;2&quot;,&quot;cards_columns_mobile&quot;:&quot;1&quot;,&quot;cards_row_gap&quot;:{&quot;unit&quot;:&quot;px&quot;,&quot;size&quot;:35,&quot;sizes&quot;:[]},&quot;cards_row_gap_tablet&quot;:{&quot;unit&quot;:&quot;px&quot;,&quot;size&quot;:&quot;&quot;,&quot;sizes&quot;:[]},&quot;cards_row_gap_mobile&quot;:{&quot;unit&quot;:&quot;px&quot;,&quot;size&quot;:&quot;&quot;,&quot;sizes&quot;:[]}}\" data-widget_type=\"posts.cards\">\n\t\t\t\t<div class=\"elementor-widget-container\">\n\t\t\t\t\t<div class=\"elementor-posts-container elementor-posts elementor-posts--skin-cards elementor-grid\">\n\t\t\t\t<article class=\"elementor-post elementor-grid-item post-1515 post type-post status-publish format-standard has-post-thumbnail hentry category-proximas-actividades category-seminarios\">\n\t\t\t<div class=\"elementor-post__card\">\n\t\t\t\t<div class=\"elementor-post__text\">\n\t\t\t\t<h3 class=\"elementor-post__title\">\n\t\t\t<a href=\"https:\/\/ihume.org\/en\/seminario-50-aniversario-de-reglas-y-orden\/\" >\n\t\t\t\tSeminar 50th Anniversary of \"Rules and Order\"\t\t\t<\/a>\n\t\t<\/h3>\n\t\t\t\t<div class=\"elementor-post__excerpt\">\n\t\t\t<p>La Fundaci\u00f3n Instituto David Hume tiene el gusto de invitarlos al seminario que brindaremos sobre el 50\u00b0 Aniversario de la publicaci\u00f3n de &#8220;Reglas y Orden&#8221;,<\/p>\n\t\t<\/div>\n\t\t\n\t\t<a class=\"elementor-post__read-more\" href=\"https:\/\/ihume.org\/en\/seminario-50-aniversario-de-reglas-y-orden\/\" aria-label=\"Read more about Seminario 50\u00b0 Aniversario de &#8220;Reglas y Orden&#8221;\" >\n\t\t\tview more\t\t<\/a>\n\n\t\t\t\t<\/div>\n\t\t\t\t<div class=\"elementor-post__meta-data\">\n\t\t\t\t\t<span class=\"elementor-post-date\">\n\t\t\tAugust 26, 2023\t\t<\/span>\n\t\t\t\t<span class=\"elementor-post-avatar\">\n\t\t\tNo Comments\t\t<\/span>\n\t\t\t\t<\/div>\n\t\t\t\t\t<\/div>\n\t\t<\/article>\n\t\t\t\t<\/div>\n\t\t\n\t\t\t\t<\/div>\n\t\t\t\t<\/div>\n\t\t\t\t<div class=\"elementor-element elementor-element-43732e7 elementor-widget elementor-widget-heading\" data-id=\"43732e7\" data-element_type=\"widget\" data-widget_type=\"heading.default\">\n\t\t\t\t<div class=\"elementor-widget-container\">\n\t\t\t<h2 class=\"elementor-heading-title elementor-size-default\">PAST ACTIVITIES<\/h2>\t\t<\/div>\n\t\t\t\t<\/div>\n\t\t\t\t<div class=\"elementor-element elementor-element-1b55db1 elementor-grid-3 elementor-grid-tablet-2 elementor-grid-mobile-1 elementor-posts--thumbnail-top elementor-card-shadow-yes elementor-posts__hover-gradient elementor-widget elementor-widget-posts\" data-id=\"1b55db1\" data-element_type=\"widget\" data-settings=\"{&quot;cards_row_gap&quot;:{&quot;unit&quot;:&quot;px&quot;,&quot;size&quot;:41,&quot;sizes&quot;:[]},&quot;cards_columns&quot;:&quot;3&quot;,&quot;cards_columns_tablet&quot;:&quot;2&quot;,&quot;cards_columns_mobile&quot;:&quot;1&quot;,&quot;cards_row_gap_tablet&quot;:{&quot;unit&quot;:&quot;px&quot;,&quot;size&quot;:&quot;&quot;,&quot;sizes&quot;:[]},&quot;cards_row_gap_mobile&quot;:{&quot;unit&quot;:&quot;px&quot;,&quot;size&quot;:&quot;&quot;,&quot;sizes&quot;:[]}}\" data-widget_type=\"posts.cards\">\n\t\t\t\t<div class=\"elementor-widget-container\">\n\t\t\t\t\t<div class=\"elementor-posts-container elementor-posts elementor-posts--skin-cards elementor-grid\">\n\t\t\t\t<article class=\"elementor-post elementor-grid-item post-1492 post type-post status-publish format-standard has-post-thumbnail hentry category-grupos-de-discusion category-pasadas\">\n\t\t\t<div class=\"elementor-post__card\">\n\t\t\t\t<a class=\"elementor-post__thumbnail__link\" href=\"https:\/\/ihume.org\/en\/segundo-encuentro-grupo-de-discusion-los-desafios-institucionales-de-la-argentina\/\" ><div class=\"elementor-post__thumbnail\"><img loading=\"lazy\" decoding=\"async\" width=\"212\" height=\"300\" src=\"https:\/\/ihume.org\/wp-content\/uploads\/2023\/08\/Deafios-Institucionales-segunda-reunion-212x300.jpg\" class=\"attachment-medium size-medium wp-image-1493\" alt=\"\" srcset=\"https:\/\/ihume.org\/wp-content\/uploads\/2023\/08\/Deafios-Institucionales-segunda-reunion-212x300.jpg 212w, https:\/\/ihume.org\/wp-content\/uploads\/2023\/08\/Deafios-Institucionales-segunda-reunion-8x12.jpg 8w, https:\/\/ihume.org\/wp-content\/uploads\/2023\/08\/Deafios-Institucionales-segunda-reunion.jpg 509w\" sizes=\"auto, (max-width: 212px) 100vw, 212px\" \/><\/div><\/a>\n\t\t\t\t<div class=\"elementor-post__text\">\n\t\t\t\t<h3 class=\"elementor-post__title\">\n\t\t\t<a href=\"https:\/\/ihume.org\/en\/segundo-encuentro-grupo-de-discusion-los-desafios-institucionales-de-la-argentina\/\" >\n\t\t\t\tSecond meeting - Discussion group \"The Instutional Challenges of Argentina\"\t\t\t<\/a>\n\t\t<\/h3>\n\t\t\n\t\t<a class=\"elementor-post__read-more\" href=\"https:\/\/ihume.org\/en\/segundo-encuentro-grupo-de-discusion-los-desafios-institucionales-de-la-argentina\/\" aria-label=\"Read more about Segundo encuentro &#8211; Grupo de discusi\u00f3n &#8220;Los Desaf\u00edos Institucionales de la Argentina&#8221;\" >\n\t\t\tview more\t\t<\/a>\n\n\t\t\t\t<\/div>\n\t\t\t\t<div class=\"elementor-post__meta-data\">\n\t\t\t\t\t<span class=\"elementor-post-date\">\n\t\t\tNovember 16, 2022\t\t<\/span>\n\t\t\t\t<span class=\"elementor-post-avatar\">\n\t\t\tNo Comments\t\t<\/span>\n\t\t\t\t<\/div>\n\t\t\t\t\t<\/div>\n\t\t<\/article>\n\t\t\t\t<article class=\"elementor-post elementor-grid-item post-1471 post type-post status-publish format-standard has-post-thumbnail hentry category-grupos-de-discusion category-pasadas category-uncategorized\">\n\t\t\t<div class=\"elementor-post__card\">\n\t\t\t\t<a class=\"elementor-post__thumbnail__link\" href=\"https:\/\/ihume.org\/en\/grupo-de-discusion-los-desafios-institucionales-de-la-argentina\/\" ><div class=\"elementor-post__thumbnail\"><img loading=\"lazy\" decoding=\"async\" width=\"201\" height=\"300\" src=\"https:\/\/ihume.org\/wp-content\/uploads\/2023\/04\/313420530_198128305949597_3423169356479898126_n-201x300.jpg\" class=\"attachment-medium size-medium wp-image-1472\" alt=\"\" srcset=\"https:\/\/ihume.org\/wp-content\/uploads\/2023\/04\/313420530_198128305949597_3423169356479898126_n-201x300.jpg 201w, https:\/\/ihume.org\/wp-content\/uploads\/2023\/04\/313420530_198128305949597_3423169356479898126_n-686x1024.jpg 686w, https:\/\/ihume.org\/wp-content\/uploads\/2023\/04\/313420530_198128305949597_3423169356479898126_n-8x12.jpg 8w, https:\/\/ihume.org\/wp-content\/uploads\/2023\/04\/313420530_198128305949597_3423169356479898126_n.jpg 737w\" sizes=\"auto, (max-width: 201px) 100vw, 201px\" \/><\/div><\/a>\n\t\t\t\t<div class=\"elementor-post__text\">\n\t\t\t\t<h3 class=\"elementor-post__title\">\n\t\t\t<a href=\"https:\/\/ihume.org\/en\/grupo-de-discusion-los-desafios-institucionales-de-la-argentina\/\" >\n\t\t\t\tDiscussion Group \"Argentina\u00b4s Institutional Challenges\"\t\t\t<\/a>\n\t\t<\/h3>\n\t\t\n\t\t<a class=\"elementor-post__read-more\" href=\"https:\/\/ihume.org\/en\/grupo-de-discusion-los-desafios-institucionales-de-la-argentina\/\" aria-label=\"Read more about Grupo de discusi\u00f3n &#8220;Los Desaf\u00edos Institucionales de la Argentina&#8221;\" >\n\t\t\tview more\t\t<\/a>\n\n\t\t\t\t<\/div>\n\t\t\t\t<div class=\"elementor-post__meta-data\">\n\t\t\t\t\t<span class=\"elementor-post-date\">\n\t\t\tNovember 5, 2022\t\t<\/span>\n\t\t\t\t<span class=\"elementor-post-avatar\">\n\t\t\tNo Comments\t\t<\/span>\n\t\t\t\t<\/div>\n\t\t\t\t\t<\/div>\n\t\t<\/article>\n\t\t\t\t<article class=\"elementor-post elementor-grid-item post-1458 post type-post status-publish format-standard has-post-thumbnail hentry category-grupos-de-discusion category-pasadas tag-hayek tag-rule-of-law\">\n\t\t\t<div class=\"elementor-post__card\">\n\t\t\t\t<a class=\"elementor-post__thumbnail__link\" href=\"https:\/\/ihume.org\/en\/grupo-de-discusion-sobre-derecho-legislacion-y-libertad-de-friedrich-a-hayek\/\" ><div class=\"elementor-post__thumbnail\"><img loading=\"lazy\" decoding=\"async\" width=\"194\" height=\"300\" src=\"https:\/\/ihume.org\/wp-content\/uploads\/2022\/05\/Law-Legislation-and-Liberty-194x300.jpg\" class=\"attachment-medium size-medium wp-image-1256\" alt=\"\" srcset=\"https:\/\/ihume.org\/wp-content\/uploads\/2022\/05\/Law-Legislation-and-Liberty-194x300.jpg 194w, https:\/\/ihume.org\/wp-content\/uploads\/2022\/05\/Law-Legislation-and-Liberty-8x12.jpg 8w, https:\/\/ihume.org\/wp-content\/uploads\/2022\/05\/Law-Legislation-and-Liberty.jpg 324w\" sizes=\"auto, (max-width: 194px) 100vw, 194px\" \/><\/div><\/a>\n\t\t\t\t<div class=\"elementor-post__text\">\n\t\t\t\t<h3 class=\"elementor-post__title\">\n\t\t\t<a href=\"https:\/\/ihume.org\/en\/grupo-de-discusion-sobre-derecho-legislacion-y-libertad-de-friedrich-a-hayek\/\" >\n\t\t\t\tDiscussion group on \"Law, Legislation and Liberty\" by Friedrich A. Hayek. Tuesdays 16, 23 and 30 August 6 p.m.\t\t\t<\/a>\n\t\t<\/h3>\n\t\t\n\t\t<a class=\"elementor-post__read-more\" href=\"https:\/\/ihume.org\/en\/grupo-de-discusion-sobre-derecho-legislacion-y-libertad-de-friedrich-a-hayek\/\" aria-label=\"Read more about Grupo de discusi\u00f3n sobre &#8220;Derecho, Legislaci\u00f3n y Libertad&#8221; de Friedrich A. Hayek. Martes 16, 23 y 30 de Agosto 18 hs.\" >\n\t\t\tview more\t\t<\/a>\n\n\t\t\t\t<\/div>\n\t\t\t\t<div class=\"elementor-post__meta-data\">\n\t\t\t\t\t<span class=\"elementor-post-date\">\n\t\t\tAugust 6, 2022\t\t<\/span>\n\t\t\t\t<span class=\"elementor-post-avatar\">\n\t\t\tNo Comments\t\t<\/span>\n\t\t\t\t<\/div>\n\t\t\t\t\t<\/div>\n\t\t<\/article>\n\t\t\t\t<article class=\"elementor-post elementor-grid-item post-657 post type-post status-publish format-standard has-post-thumbnail hentry category-eventos category-pasadas\">\n\t\t\t<div class=\"elementor-post__card\">\n\t\t\t\t<a class=\"elementor-post__thumbnail__link\" href=\"https:\/\/ihume.org\/en\/lanzamiento-de-la-nueva-pagina-web-de-la-fundacion-instituto-david-hume\/\" ><div class=\"elementor-post__thumbnail\"><img loading=\"lazy\" decoding=\"async\" width=\"300\" height=\"148\" src=\"https:\/\/ihume.org\/wp-content\/uploads\/2022\/03\/Screenshot-2022-03-29-000643-300x148.png\" class=\"attachment-medium size-medium wp-image-659\" alt=\"\" srcset=\"https:\/\/ihume.org\/wp-content\/uploads\/2022\/03\/Screenshot-2022-03-29-000643-300x148.png 300w, https:\/\/ihume.org\/wp-content\/uploads\/2022\/03\/Screenshot-2022-03-29-000643-1024x504.png 1024w, https:\/\/ihume.org\/wp-content\/uploads\/2022\/03\/Screenshot-2022-03-29-000643-768x378.png 768w, https:\/\/ihume.org\/wp-content\/uploads\/2022\/03\/Screenshot-2022-03-29-000643-1536x757.png 1536w, https:\/\/ihume.org\/wp-content\/uploads\/2022\/03\/Screenshot-2022-03-29-000643.png 1882w\" sizes=\"auto, (max-width: 300px) 100vw, 300px\" \/><\/div><\/a>\n\t\t\t\t<div class=\"elementor-post__text\">\n\t\t\t\t<h3 class=\"elementor-post__title\">\n\t\t\t<a href=\"https:\/\/ihume.org\/en\/lanzamiento-de-la-nueva-pagina-web-de-la-fundacion-instituto-david-hume\/\" >\n\t\t\t\tLaunch of the new David Hume Institute Foundation\u00b4s Website\t\t\t<\/a>\n\t\t<\/h3>\n\t\t\n\t\t<a class=\"elementor-post__read-more\" href=\"https:\/\/ihume.org\/en\/lanzamiento-de-la-nueva-pagina-web-de-la-fundacion-instituto-david-hume\/\" aria-label=\"Read more about Lanzamiento de la nueva p\u00e1gina web de la Fundaci\u00f3n Instituto David Hume\" >\n\t\t\tview more\t\t<\/a>\n\n\t\t\t\t<\/div>\n\t\t\t\t<div class=\"elementor-post__meta-data\">\n\t\t\t\t\t<span class=\"elementor-post-date\">\n\t\t\tJune 6, 2022\t\t<\/span>\n\t\t\t\t<span class=\"elementor-post-avatar\">\n\t\t\tNo Comments\t\t<\/span>\n\t\t\t\t<\/div>\n\t\t\t\t\t<\/div>\n\t\t<\/article>\n\t\t\t\t<article class=\"elementor-post elementor-grid-item post-1087 post type-post status-publish format-standard has-post-thumbnail hentry category-pasadas category-seminarios\">\n\t\t\t<div class=\"elementor-post__card\">\n\t\t\t\t<a class=\"elementor-post__thumbnail__link\" href=\"https:\/\/ihume.org\/en\/ciclo-de-historia-y-pensamiento-argentino-jeremy-bentham-y-el-legado-del-utilitarismo-en-el-mundo-atlantico-con-el-dr-klaus-gallo\/\" ><div class=\"elementor-post__thumbnail\"><img loading=\"lazy\" decoding=\"async\" width=\"300\" height=\"126\" src=\"https:\/\/ihume.org\/wp-content\/uploads\/2022\/05\/Ciclo-Klaus-Gallo-1-e1651612144823-300x126.jpg\" class=\"attachment-medium size-medium wp-image-1095\" alt=\"\" srcset=\"https:\/\/ihume.org\/wp-content\/uploads\/2022\/05\/Ciclo-Klaus-Gallo-1-e1651612144823-300x126.jpg 300w, https:\/\/ihume.org\/wp-content\/uploads\/2022\/05\/Ciclo-Klaus-Gallo-1-e1651612144823-768x324.jpg 768w, https:\/\/ihume.org\/wp-content\/uploads\/2022\/05\/Ciclo-Klaus-Gallo-1-e1651612144823.jpg 842w\" sizes=\"auto, (max-width: 300px) 100vw, 300px\" \/><\/div><\/a>\n\t\t\t\t<div class=\"elementor-post__text\">\n\t\t\t\t<h3 class=\"elementor-post__title\">\n\t\t\t<a href=\"https:\/\/ihume.org\/en\/ciclo-de-historia-y-pensamiento-argentino-jeremy-bentham-y-el-legado-del-utilitarismo-en-el-mundo-atlantico-con-el-dr-klaus-gallo\/\" >\n\t\t\t\tCycle of Argentine History and Thought: \"Jeremy Bentham and the legacy of Utilitarianism in the Atlantic world\" with Dr. Klaus Gallo.\t\t\t<\/a>\n\t\t<\/h3>\n\t\t\n\t\t<a class=\"elementor-post__read-more\" href=\"https:\/\/ihume.org\/en\/ciclo-de-historia-y-pensamiento-argentino-jeremy-bentham-y-el-legado-del-utilitarismo-en-el-mundo-atlantico-con-el-dr-klaus-gallo\/\" aria-label=\"Read more about Ciclo de Historia y Pensamiento Argentino: \u00abJeremy Bentham y el legado del Utilitarismo en el mundo Atl\u00e1ntico\u00bb con el Dr. Klaus Gallo\" >\n\t\t\tview more\t\t<\/a>\n\n\t\t\t\t<\/div>\n\t\t\t\t<div class=\"elementor-post__meta-data\">\n\t\t\t\t\t<span class=\"elementor-post-date\">\n\t\t\tNovember 23, 2021\t\t<\/span>\n\t\t\t\t<span class=\"elementor-post-avatar\">\n\t\t\tNo Comments\t\t<\/span>\n\t\t\t\t<\/div>\n\t\t\t\t\t<\/div>\n\t\t<\/article>\n\t\t\t\t<article class=\"elementor-post elementor-grid-item post-1082 post type-post status-publish format-standard has-post-thumbnail hentry category-pasadas category-seminarios\">\n\t\t\t<div class=\"elementor-post__card\">\n\t\t\t\t<a class=\"elementor-post__thumbnail__link\" href=\"https:\/\/ihume.org\/en\/ciclo-de-historia-y-pensamiento-argentino-representacion-federalismo-y-divison-de-poderes-tres-grandes-desafios-politicos-del-siglo-19-con-la-dra-marcela-ternavasio\/\" ><div class=\"elementor-post__thumbnail\"><img loading=\"lazy\" decoding=\"async\" width=\"300\" height=\"147\" src=\"https:\/\/ihume.org\/wp-content\/uploads\/2022\/05\/Ciclo-Ternavasio-1-e1652741998716-300x147.jpg\" class=\"attachment-medium size-medium wp-image-1116\" alt=\"\" srcset=\"https:\/\/ihume.org\/wp-content\/uploads\/2022\/05\/Ciclo-Ternavasio-1-e1652741998716-300x147.jpg 300w, https:\/\/ihume.org\/wp-content\/uploads\/2022\/05\/Ciclo-Ternavasio-1-e1652741998716-768x376.jpg 768w, https:\/\/ihume.org\/wp-content\/uploads\/2022\/05\/Ciclo-Ternavasio-1-e1652741998716-18x9.jpg 18w, https:\/\/ihume.org\/wp-content\/uploads\/2022\/05\/Ciclo-Ternavasio-1-e1652741998716.jpg 828w\" sizes=\"auto, (max-width: 300px) 100vw, 300px\" \/><\/div><\/a>\n\t\t\t\t<div class=\"elementor-post__text\">\n\t\t\t\t<h3 class=\"elementor-post__title\">\n\t\t\t<a href=\"https:\/\/ihume.org\/en\/ciclo-de-historia-y-pensamiento-argentino-representacion-federalismo-y-divison-de-poderes-tres-grandes-desafios-politicos-del-siglo-19-con-la-dra-marcela-ternavasio\/\" >\n\t\t\t\tCiclo de Historia y Pensamiento Argentino: &#8220;Representaci\u00f3n, Federalismo y Divis\u00f3n de poderes: tres grandes desaf\u00edos pol\u00edticos del Siglo 19&#8221; con la Dra. Marcela Ternavasio\t\t\t<\/a>\n\t\t<\/h3>\n\t\t\n\t\t<a class=\"elementor-post__read-more\" href=\"https:\/\/ihume.org\/en\/ciclo-de-historia-y-pensamiento-argentino-representacion-federalismo-y-divison-de-poderes-tres-grandes-desafios-politicos-del-siglo-19-con-la-dra-marcela-ternavasio\/\" aria-label=\"Read more about Ciclo de Historia y Pensamiento Argentino: &#8220;Representaci\u00f3n, Federalismo y Divis\u00f3n de poderes: tres grandes desaf\u00edos pol\u00edticos del Siglo 19&#8221; con la Dra. Marcela Ternavasio\" >\n\t\t\tview more\t\t<\/a>\n\n\t\t\t\t<\/div>\n\t\t\t\t<div class=\"elementor-post__meta-data\">\n\t\t\t\t\t<span class=\"elementor-post-date\">\n\t\t\tNovember 16, 2021\t\t<\/span>\n\t\t\t\t<span class=\"elementor-post-avatar\">\n\t\t\tNo Comments\t\t<\/span>\n\t\t\t\t<\/div>\n\t\t\t\t\t<\/div>\n\t\t<\/article>\n\t\t\t\t<article class=\"elementor-post elementor-grid-item post-1077 post type-post status-publish format-standard has-post-thumbnail hentry category-pasadas category-seminarios\">\n\t\t\t<div class=\"elementor-post__card\">\n\t\t\t\t<a class=\"elementor-post__thumbnail__link\" href=\"https:\/\/ihume.org\/en\/presentacion-de-federico-sosa-valle-sobre-el-uso-del-conocimiento-en-la-sociedad-para-el-club-de-la-libertad\/\" ><div class=\"elementor-post__thumbnail\"><img loading=\"lazy\" decoding=\"async\" width=\"300\" height=\"165\" src=\"https:\/\/ihume.org\/wp-content\/uploads\/2022\/05\/Club-de-la-Libertad-El-uso-del-conocimiento-en-la-sociedad-e1651610891629-300x165.jpg\" class=\"attachment-medium size-medium wp-image-1002\" alt=\"\" srcset=\"https:\/\/ihume.org\/wp-content\/uploads\/2022\/05\/Club-de-la-Libertad-El-uso-del-conocimiento-en-la-sociedad-e1651610891629-300x165.jpg 300w, https:\/\/ihume.org\/wp-content\/uploads\/2022\/05\/Club-de-la-Libertad-El-uso-del-conocimiento-en-la-sociedad-e1651610891629.jpg 750w\" sizes=\"auto, (max-width: 300px) 100vw, 300px\" \/><\/div><\/a>\n\t\t\t\t<div class=\"elementor-post__text\">\n\t\t\t\t<h3 class=\"elementor-post__title\">\n\t\t\t<a href=\"https:\/\/ihume.org\/en\/presentacion-de-federico-sosa-valle-sobre-el-uso-del-conocimiento-en-la-sociedad-para-el-club-de-la-libertad\/\" >\n\t\t\t\tPresentaci\u00f3n de Federico Sosa Valle sobre &#8220;El uso del conocimiento en la sociedad&#8221; para el Club de la Libertad\t\t\t<\/a>\n\t\t<\/h3>\n\t\t\n\t\t<a class=\"elementor-post__read-more\" href=\"https:\/\/ihume.org\/en\/presentacion-de-federico-sosa-valle-sobre-el-uso-del-conocimiento-en-la-sociedad-para-el-club-de-la-libertad\/\" aria-label=\"Read more about Presentaci\u00f3n de Federico Sosa Valle sobre &#8220;El uso del conocimiento en la sociedad&#8221; para el Club de la Libertad\" >\n\t\t\tview more\t\t<\/a>\n\n\t\t\t\t<\/div>\n\t\t\t\t<div class=\"elementor-post__meta-data\">\n\t\t\t\t\t<span class=\"elementor-post-date\">\n\t\t\tNovember 12, 2021\t\t<\/span>\n\t\t\t\t<span class=\"elementor-post-avatar\">\n\t\t\tNo Comments\t\t<\/span>\n\t\t\t\t<\/div>\n\t\t\t\t\t<\/div>\n\t\t<\/article>\n\t\t\t\t<article class=\"elementor-post elementor-grid-item post-1072 post type-post status-publish format-standard has-post-thumbnail hentry category-pasadas category-seminarios\">\n\t\t\t<div class=\"elementor-post__card\">\n\t\t\t\t<a class=\"elementor-post__thumbnail__link\" href=\"https:\/\/ihume.org\/en\/ciclo-de-historia-y-pensamiento-argentino-una-vision-de-la-historia-economica-argentina-con-el-dr-carlos-newland\/\" ><div class=\"elementor-post__thumbnail\"><img loading=\"lazy\" decoding=\"async\" width=\"300\" height=\"148\" src=\"https:\/\/ihume.org\/wp-content\/uploads\/2022\/05\/Ciclo-Newland-1-e1652742095910-300x148.jpg\" class=\"attachment-medium size-medium wp-image-1118\" alt=\"\" srcset=\"https:\/\/ihume.org\/wp-content\/uploads\/2022\/05\/Ciclo-Newland-1-e1652742095910-300x148.jpg 300w, https:\/\/ihume.org\/wp-content\/uploads\/2022\/05\/Ciclo-Newland-1-e1652742095910-768x380.jpg 768w, https:\/\/ihume.org\/wp-content\/uploads\/2022\/05\/Ciclo-Newland-1-e1652742095910-18x9.jpg 18w, https:\/\/ihume.org\/wp-content\/uploads\/2022\/05\/Ciclo-Newland-1-e1652742095910.jpg 843w\" sizes=\"auto, (max-width: 300px) 100vw, 300px\" \/><\/div><\/a>\n\t\t\t\t<div class=\"elementor-post__text\">\n\t\t\t\t<h3 class=\"elementor-post__title\">\n\t\t\t<a href=\"https:\/\/ihume.org\/en\/ciclo-de-historia-y-pensamiento-argentino-una-vision-de-la-historia-economica-argentina-con-el-dr-carlos-newland\/\" >\n\t\t\t\tCiclo de Historia y Pensamiento Argentino: &#8220;Una visi\u00f3n de la historia econ\u00f3mica argentina&#8221; con el Dr. Carlos Newland.\t\t\t<\/a>\n\t\t<\/h3>\n\t\t\n\t\t<a class=\"elementor-post__read-more\" href=\"https:\/\/ihume.org\/en\/ciclo-de-historia-y-pensamiento-argentino-una-vision-de-la-historia-economica-argentina-con-el-dr-carlos-newland\/\" aria-label=\"Read more about Ciclo de Historia y Pensamiento Argentino: &#8220;Una visi\u00f3n de la historia econ\u00f3mica argentina&#8221; con el Dr. Carlos Newland.\" >\n\t\t\tview more\t\t<\/a>\n\n\t\t\t\t<\/div>\n\t\t\t\t<div class=\"elementor-post__meta-data\">\n\t\t\t\t\t<span class=\"elementor-post-date\">\n\t\t\tNovember 11, 2021\t\t<\/span>\n\t\t\t\t<span class=\"elementor-post-avatar\">\n\t\t\tNo Comments\t\t<\/span>\n\t\t\t\t<\/div>\n\t\t\t\t\t<\/div>\n\t\t<\/article>\n\t\t\t\t<article class=\"elementor-post elementor-grid-item post-1060 post type-post status-publish format-standard has-post-thumbnail hentry category-pasadas category-seminarios\">\n\t\t\t<div class=\"elementor-post__card\">\n\t\t\t\t<a class=\"elementor-post__thumbnail__link\" href=\"https:\/\/ihume.org\/en\/ciclo-de-historia-y-pensamiento-argentino-la-busqueda-del-lujo-como-motor-de-progreso-las-tradiciones-escocesa-y-napolitana-y-su-impacto-en-el-rio-de-la-plata-con-el-dr-alvaro-perpere-vinuales\/\" ><div class=\"elementor-post__thumbnail\"><img loading=\"lazy\" decoding=\"async\" width=\"300\" height=\"168\" src=\"https:\/\/ihume.org\/wp-content\/uploads\/2022\/05\/Ciclo-Perpere-1-e1651798035881-300x168.jpg\" class=\"attachment-medium size-medium wp-image-1120\" alt=\"\" srcset=\"https:\/\/ihume.org\/wp-content\/uploads\/2022\/05\/Ciclo-Perpere-1-e1651798035881-300x168.jpg 300w, https:\/\/ihume.org\/wp-content\/uploads\/2022\/05\/Ciclo-Perpere-1-e1651798035881-768x429.jpg 768w, https:\/\/ihume.org\/wp-content\/uploads\/2022\/05\/Ciclo-Perpere-1-e1651798035881.jpg 828w\" sizes=\"auto, (max-width: 300px) 100vw, 300px\" \/><\/div><\/a>\n\t\t\t\t<div class=\"elementor-post__text\">\n\t\t\t\t<h3 class=\"elementor-post__title\">\n\t\t\t<a href=\"https:\/\/ihume.org\/en\/ciclo-de-historia-y-pensamiento-argentino-la-busqueda-del-lujo-como-motor-de-progreso-las-tradiciones-escocesa-y-napolitana-y-su-impacto-en-el-rio-de-la-plata-con-el-dr-alvaro-perpere-vinuales\/\" >\n\t\t\t\tCiclo de Historia y Pensamiento Argentino: &#8220;La b\u00fasqueda del lujo como motor de progreso: las tradiciones escocesa y napolitana y su impacto en el R\u00edo de la Plata&#8221; con el Dr. \u00c1lvaro Perpere Vi\u00f1uales.\t\t\t<\/a>\n\t\t<\/h3>\n\t\t\n\t\t<a class=\"elementor-post__read-more\" href=\"https:\/\/ihume.org\/en\/ciclo-de-historia-y-pensamiento-argentino-la-busqueda-del-lujo-como-motor-de-progreso-las-tradiciones-escocesa-y-napolitana-y-su-impacto-en-el-rio-de-la-plata-con-el-dr-alvaro-perpere-vinuales\/\" aria-label=\"Read more about Ciclo de Historia y Pensamiento Argentino: &#8220;La b\u00fasqueda del lujo como motor de progreso: las tradiciones escocesa y napolitana y su impacto en el R\u00edo de la Plata&#8221; con el Dr. \u00c1lvaro Perpere Vi\u00f1uales.\" >\n\t\t\tview more\t\t<\/a>\n\n\t\t\t\t<\/div>\n\t\t\t\t<div class=\"elementor-post__meta-data\">\n\t\t\t\t\t<span class=\"elementor-post-date\">\n\t\t\tNovember 2, 2021\t\t<\/span>\n\t\t\t\t<span class=\"elementor-post-avatar\">\n\t\t\tNo Comments\t\t<\/span>\n\t\t\t\t<\/div>\n\t\t\t\t\t<\/div>\n\t\t<\/article>\n\t\t\t\t<article class=\"elementor-post elementor-grid-item post-1055 post type-post status-publish format-standard has-post-thumbnail hentry category-pasadas category-seminarios\">\n\t\t\t<div class=\"elementor-post__card\">\n\t\t\t\t<a class=\"elementor-post__thumbnail__link\" href=\"https:\/\/ihume.org\/en\/ciclo-de-historia-y-pensamiento-argentino-alberdi-y-sarmiento-de-la-republica-posible-a-la-republica-civica-con-el-dr-natalio-botana\/\" ><div class=\"elementor-post__thumbnail\"><img loading=\"lazy\" decoding=\"async\" width=\"300\" height=\"169\" src=\"https:\/\/ihume.org\/wp-content\/uploads\/2022\/05\/Entrevista-Botana-300x169.jpg\" class=\"attachment-medium size-medium wp-image-1007\" alt=\"\" srcset=\"https:\/\/ihume.org\/wp-content\/uploads\/2022\/05\/Entrevista-Botana-300x169.jpg 300w, https:\/\/ihume.org\/wp-content\/uploads\/2022\/05\/Entrevista-Botana-1024x576.jpg 1024w, https:\/\/ihume.org\/wp-content\/uploads\/2022\/05\/Entrevista-Botana-768x432.jpg 768w, https:\/\/ihume.org\/wp-content\/uploads\/2022\/05\/Entrevista-Botana.jpg 1280w\" sizes=\"auto, (max-width: 300px) 100vw, 300px\" \/><\/div><\/a>\n\t\t\t\t<div class=\"elementor-post__text\">\n\t\t\t\t<h3 class=\"elementor-post__title\">\n\t\t\t<a href=\"https:\/\/ihume.org\/en\/ciclo-de-historia-y-pensamiento-argentino-alberdi-y-sarmiento-de-la-republica-posible-a-la-republica-civica-con-el-dr-natalio-botana\/\" >\n\t\t\t\tCiclo de Historia y Pensamiento Argentino: &#8220;Alberdi y Sarmiento: de la rep\u00fablica posible a la rep\u00fablica c\u00edvica&#8221; con el Dr. Natalio Botana\t\t\t<\/a>\n\t\t<\/h3>\n\t\t\n\t\t<a class=\"elementor-post__read-more\" href=\"https:\/\/ihume.org\/en\/ciclo-de-historia-y-pensamiento-argentino-alberdi-y-sarmiento-de-la-republica-posible-a-la-republica-civica-con-el-dr-natalio-botana\/\" aria-label=\"Read more about Ciclo de Historia y Pensamiento Argentino: &#8220;Alberdi y Sarmiento: de la rep\u00fablica posible a la rep\u00fablica c\u00edvica&#8221; con el Dr. Natalio Botana\" >\n\t\t\tview more\t\t<\/a>\n\n\t\t\t\t<\/div>\n\t\t\t\t<div class=\"elementor-post__meta-data\">\n\t\t\t\t\t<span class=\"elementor-post-date\">\n\t\t\tOctober 28, 2021\t\t<\/span>\n\t\t\t\t<span class=\"elementor-post-avatar\">\n\t\t\tNo Comments\t\t<\/span>\n\t\t\t\t<\/div>\n\t\t\t\t\t<\/div>\n\t\t<\/article>\n\t\t\t\t<article class=\"elementor-post elementor-grid-item post-1050 post type-post status-publish format-standard has-post-thumbnail hentry category-pasadas category-seminarios\">\n\t\t\t<div class=\"elementor-post__card\">\n\t\t\t\t<a class=\"elementor-post__thumbnail__link\" href=\"https:\/\/ihume.org\/en\/ciclo-de-historia-y-pensamiento-argentino-campo-y-desarrollo-de-sarmiento-a-nuestros-dias-con-el-dr-roy-hora\/\" ><div class=\"elementor-post__thumbnail\"><img loading=\"lazy\" decoding=\"async\" width=\"300\" height=\"168\" src=\"https:\/\/ihume.org\/wp-content\/uploads\/2022\/05\/Ciclo-Hora-1-e1651798315771-300x168.jpg\" class=\"attachment-medium size-medium wp-image-1121\" alt=\"\" srcset=\"https:\/\/ihume.org\/wp-content\/uploads\/2022\/05\/Ciclo-Hora-1-e1651798315771-300x168.jpg 300w, https:\/\/ihume.org\/wp-content\/uploads\/2022\/05\/Ciclo-Hora-1-e1651798315771-768x431.jpg 768w, https:\/\/ihume.org\/wp-content\/uploads\/2022\/05\/Ciclo-Hora-1-e1651798315771.jpg 828w\" sizes=\"auto, (max-width: 300px) 100vw, 300px\" \/><\/div><\/a>\n\t\t\t\t<div class=\"elementor-post__text\">\n\t\t\t\t<h3 class=\"elementor-post__title\">\n\t\t\t<a href=\"https:\/\/ihume.org\/en\/ciclo-de-historia-y-pensamiento-argentino-campo-y-desarrollo-de-sarmiento-a-nuestros-dias-con-el-dr-roy-hora\/\" >\n\t\t\t\tCiclo de Historia y Pensamiento Argentino: &#8220;Campo y Desarrollo: de Sarmiento a nuestros d\u00edas&#8221; con el Dr. Roy Hora\t\t\t<\/a>\n\t\t<\/h3>\n\t\t\n\t\t<a class=\"elementor-post__read-more\" href=\"https:\/\/ihume.org\/en\/ciclo-de-historia-y-pensamiento-argentino-campo-y-desarrollo-de-sarmiento-a-nuestros-dias-con-el-dr-roy-hora\/\" aria-label=\"Read more about Ciclo de Historia y Pensamiento Argentino: &#8220;Campo y Desarrollo: de Sarmiento a nuestros d\u00edas&#8221; con el Dr. Roy Hora\" >\n\t\t\tview more\t\t<\/a>\n\n\t\t\t\t<\/div>\n\t\t\t\t<div class=\"elementor-post__meta-data\">\n\t\t\t\t\t<span class=\"elementor-post-date\">\n\t\t\tOctober 26, 2021\t\t<\/span>\n\t\t\t\t<span class=\"elementor-post-avatar\">\n\t\t\tNo Comments\t\t<\/span>\n\t\t\t\t<\/div>\n\t\t\t\t\t<\/div>\n\t\t<\/article>\n\t\t\t\t<article class=\"elementor-post elementor-grid-item post-1045 post type-post status-publish format-standard has-post-thumbnail hentry category-pasadas category-seminarios\">\n\t\t\t<div class=\"elementor-post__card\">\n\t\t\t\t<a class=\"elementor-post__thumbnail__link\" href=\"https:\/\/ihume.org\/en\/titulo-ciclo-de-historia-y-pensamiento-argentino-el-clima-de-ideas-en-la-argentina-del-siglo-xix-liberalismo-y-republica-con-el-dr-enrique-aguilar\/\" ><div class=\"elementor-post__thumbnail\"><img loading=\"lazy\" decoding=\"async\" width=\"300\" height=\"169\" src=\"https:\/\/ihume.org\/wp-content\/uploads\/2022\/05\/Ciclo-Aguilar-1-e1651798577527-300x169.jpg\" class=\"attachment-medium size-medium wp-image-1122\" alt=\"\" srcset=\"https:\/\/ihume.org\/wp-content\/uploads\/2022\/05\/Ciclo-Aguilar-1-e1651798577527-300x169.jpg 300w, https:\/\/ihume.org\/wp-content\/uploads\/2022\/05\/Ciclo-Aguilar-1-e1651798577527-768x433.jpg 768w, https:\/\/ihume.org\/wp-content\/uploads\/2022\/05\/Ciclo-Aguilar-1-e1651798577527.jpg 828w\" sizes=\"auto, (max-width: 300px) 100vw, 300px\" \/><\/div><\/a>\n\t\t\t\t<div class=\"elementor-post__text\">\n\t\t\t\t<h3 class=\"elementor-post__title\">\n\t\t\t<a href=\"https:\/\/ihume.org\/en\/titulo-ciclo-de-historia-y-pensamiento-argentino-el-clima-de-ideas-en-la-argentina-del-siglo-xix-liberalismo-y-republica-con-el-dr-enrique-aguilar\/\" >\n\t\t\t\tCycle of Argentine History and Thought: \"The Climate of Ideas in Argentina in the 19th Century: Liberalism and the Republic\" with Dr. Enrique Aguilar\t\t\t<\/a>\n\t\t<\/h3>\n\t\t\n\t\t<a class=\"elementor-post__read-more\" href=\"https:\/\/ihume.org\/en\/titulo-ciclo-de-historia-y-pensamiento-argentino-el-clima-de-ideas-en-la-argentina-del-siglo-xix-liberalismo-y-republica-con-el-dr-enrique-aguilar\/\" aria-label=\"Read more about Ciclo de Historia y Pensamiento Argentino: \u00abEl clima de ideas en la Argentina del Siglo XIX: Liberalismo y Rep\u00fablica\u00bb con el Dr. Enrique Aguilar\" >\n\t\t\tview more\t\t<\/a>\n\n\t\t\t\t<\/div>\n\t\t\t\t<div class=\"elementor-post__meta-data\">\n\t\t\t\t\t<span class=\"elementor-post-date\">\n\t\t\tOctober 19, 2021\t\t<\/span>\n\t\t\t\t<span class=\"elementor-post-avatar\">\n\t\t\tNo Comments\t\t<\/span>\n\t\t\t\t<\/div>\n\t\t\t\t\t<\/div>\n\t\t<\/article>\n\t\t\t\t<article class=\"elementor-post elementor-grid-item post-1040 post type-post status-publish format-standard has-post-thumbnail hentry category-pasadas category-seminarios\">\n\t\t\t<div class=\"elementor-post__card\">\n\t\t\t\t<a class=\"elementor-post__thumbnail__link\" href=\"https:\/\/ihume.org\/en\/ciclo-de-historia-y-pensamiento-argentino-constitucionalismo-y-liberalismo-en-la-argentina-de-los-siglos-19-y-20-con-el-dr-eduardo-zimmermann\/\" ><div class=\"elementor-post__thumbnail\"><img loading=\"lazy\" decoding=\"async\" width=\"300\" height=\"170\" src=\"https:\/\/ihume.org\/wp-content\/uploads\/2022\/05\/Ciclo-Zimmermann-1-e1651798715200-300x170.jpg\" class=\"attachment-medium size-medium wp-image-1123\" alt=\"\" srcset=\"https:\/\/ihume.org\/wp-content\/uploads\/2022\/05\/Ciclo-Zimmermann-1-e1651798715200-300x170.jpg 300w, https:\/\/ihume.org\/wp-content\/uploads\/2022\/05\/Ciclo-Zimmermann-1-e1651798715200-768x435.jpg 768w, https:\/\/ihume.org\/wp-content\/uploads\/2022\/05\/Ciclo-Zimmermann-1-e1651798715200.jpg 843w\" sizes=\"auto, (max-width: 300px) 100vw, 300px\" \/><\/div><\/a>\n\t\t\t\t<div class=\"elementor-post__text\">\n\t\t\t\t<h3 class=\"elementor-post__title\">\n\t\t\t<a href=\"https:\/\/ihume.org\/en\/ciclo-de-historia-y-pensamiento-argentino-constitucionalismo-y-liberalismo-en-la-argentina-de-los-siglos-19-y-20-con-el-dr-eduardo-zimmermann\/\" >\n\t\t\t\tCycle of Argentine History and Thought: \"Constitutionalism and Liberalism in Argentina in the 19th and 20th centuries\" with Dr. Eduardo Zimmermann\t\t\t<\/a>\n\t\t<\/h3>\n\t\t\n\t\t<a class=\"elementor-post__read-more\" href=\"https:\/\/ihume.org\/en\/ciclo-de-historia-y-pensamiento-argentino-constitucionalismo-y-liberalismo-en-la-argentina-de-los-siglos-19-y-20-con-el-dr-eduardo-zimmermann\/\" aria-label=\"Read more about Ciclo De Historia y Pensamiento Argentino: \u00abConstitucionalismo y Liberalismo en la Argentina de los siglos 19 y 20\u00bb con el Dr. Eduardo Zimmermann\" >\n\t\t\tview more\t\t<\/a>\n\n\t\t\t\t<\/div>\n\t\t\t\t<div class=\"elementor-post__meta-data\">\n\t\t\t\t\t<span class=\"elementor-post-date\">\n\t\t\tOctober 12, 2021\t\t<\/span>\n\t\t\t\t<span class=\"elementor-post-avatar\">\n\t\t\tNo Comments\t\t<\/span>\n\t\t\t\t<\/div>\n\t\t\t\t\t<\/div>\n\t\t<\/article>\n\t\t\t\t<article class=\"elementor-post elementor-grid-item post-1035 post type-post status-publish format-standard has-post-thumbnail hentry category-pasadas category-seminarios\">\n\t\t\t<div class=\"elementor-post__card\">\n\t\t\t\t<a class=\"elementor-post__thumbnail__link\" href=\"https:\/\/ihume.org\/en\/convenio-y-ciclo-de-historia-y-pensamiento-argentino-en-homenaje-al-dr-ezequiel-gallo-con-el-instituto-de-formacion-politica-y-gestion-publica-de-la-ciudad-de-buenos-aires\/\" ><div class=\"elementor-post__thumbnail\"><img loading=\"lazy\" decoding=\"async\" width=\"300\" height=\"126\" src=\"https:\/\/ihume.org\/wp-content\/uploads\/2022\/05\/Ciclo-de-Historia-y-Pensamiento-Argentino-1-e1651798905883-300x126.jpg\" class=\"attachment-medium size-medium wp-image-1124\" alt=\"\" srcset=\"https:\/\/ihume.org\/wp-content\/uploads\/2022\/05\/Ciclo-de-Historia-y-Pensamiento-Argentino-1-e1651798905883-300x126.jpg 300w, https:\/\/ihume.org\/wp-content\/uploads\/2022\/05\/Ciclo-de-Historia-y-Pensamiento-Argentino-1-e1651798905883-768x323.jpg 768w, https:\/\/ihume.org\/wp-content\/uploads\/2022\/05\/Ciclo-de-Historia-y-Pensamiento-Argentino-1-e1651798905883.jpg 843w\" sizes=\"auto, (max-width: 300px) 100vw, 300px\" \/><\/div><\/a>\n\t\t\t\t<div class=\"elementor-post__text\">\n\t\t\t\t<h3 class=\"elementor-post__title\">\n\t\t\t<a href=\"https:\/\/ihume.org\/en\/convenio-y-ciclo-de-historia-y-pensamiento-argentino-en-homenaje-al-dr-ezequiel-gallo-con-el-instituto-de-formacion-politica-y-gestion-publica-de-la-ciudad-de-buenos-aires\/\" >\n\t\t\t\tAgreement and \"Cycle of Argentine History and Thought. In homage to Dr. Ezequiel Gallo\" with the Institute of Political Training and Public Management of the City of Buenos Aires\t\t\t<\/a>\n\t\t<\/h3>\n\t\t\n\t\t<a class=\"elementor-post__read-more\" href=\"https:\/\/ihume.org\/en\/convenio-y-ciclo-de-historia-y-pensamiento-argentino-en-homenaje-al-dr-ezequiel-gallo-con-el-instituto-de-formacion-politica-y-gestion-publica-de-la-ciudad-de-buenos-aires\/\" aria-label=\"Read more about Convenio y \u00abCiclo de Historia y Pensamiento Argentino. En homenaje al Dr. Ezequiel Gallo\u00bb con el Instituto de Formaci\u00f3n Pol\u00edtica y Gesti\u00f3n P\u00fablica de la Ciudad de Buenos Aires\" >\n\t\t\tview more\t\t<\/a>\n\n\t\t\t\t<\/div>\n\t\t\t\t<div class=\"elementor-post__meta-data\">\n\t\t\t\t\t<span class=\"elementor-post-date\">\n\t\t\tSeptember 3, 2021\t\t<\/span>\n\t\t\t\t<span class=\"elementor-post-avatar\">\n\t\t\tNo Comments\t\t<\/span>\n\t\t\t\t<\/div>\n\t\t\t\t\t<\/div>\n\t\t<\/article>\n\t\t\t\t<article class=\"elementor-post elementor-grid-item post-1066 post type-post status-publish format-standard has-post-thumbnail hentry category-pasadas category-publicaciones\">\n\t\t\t<div class=\"elementor-post__card\">\n\t\t\t\t<a class=\"elementor-post__thumbnail__link\" href=\"https:\/\/ihume.org\/en\/publicacion-del-sistema-economico-y-rentistico-de-la-confederacion-segun-la-constitucion-de-1853-de-juan-bautista-alberdi-con-breves-ensayos-introductorios-de-federico-sosa-valle-y-eliana-santanat\/\" ><div class=\"elementor-post__thumbnail\"><img loading=\"lazy\" decoding=\"async\" width=\"300\" height=\"300\" src=\"https:\/\/ihume.org\/wp-content\/uploads\/2022\/05\/Libro-Alberdi-300x300.webp\" class=\"attachment-medium size-medium wp-image-1005\" alt=\"\" srcset=\"https:\/\/ihume.org\/wp-content\/uploads\/2022\/05\/Libro-Alberdi-300x300.webp 300w, https:\/\/ihume.org\/wp-content\/uploads\/2022\/05\/Libro-Alberdi-1024x1024.webp 1024w, https:\/\/ihume.org\/wp-content\/uploads\/2022\/05\/Libro-Alberdi-150x150.webp 150w, https:\/\/ihume.org\/wp-content\/uploads\/2022\/05\/Libro-Alberdi-768x769.webp 768w, https:\/\/ihume.org\/wp-content\/uploads\/2022\/05\/Libro-Alberdi.webp 1199w\" sizes=\"auto, (max-width: 300px) 100vw, 300px\" \/><\/div><\/a>\n\t\t\t\t<div class=\"elementor-post__text\">\n\t\t\t\t<h3 class=\"elementor-post__title\">\n\t\t\t<a href=\"https:\/\/ihume.org\/en\/publicacion-del-sistema-economico-y-rentistico-de-la-confederacion-segun-la-constitucion-de-1853-de-juan-bautista-alberdi-con-breves-ensayos-introductorios-de-federico-sosa-valle-y-eliana-santanat\/\" >\n\t\t\t\tPublicaci\u00f3n del &#8220;Sistema Econ\u00f3mico y Rent\u00edstico de la Confederaci\u00f3n seg\u00fan la Constituci\u00f3n de 1853&#8221; de Juan Bautista Alberdi con breves ensayos introductorios de Federico Sosa Valle y Eliana Santanatoglia, entre otros autores.\t\t\t<\/a>\n\t\t<\/h3>\n\t\t\n\t\t<a class=\"elementor-post__read-more\" href=\"https:\/\/ihume.org\/en\/publicacion-del-sistema-economico-y-rentistico-de-la-confederacion-segun-la-constitucion-de-1853-de-juan-bautista-alberdi-con-breves-ensayos-introductorios-de-federico-sosa-valle-y-eliana-santanat\/\" aria-label=\"Read more about Publicaci\u00f3n del &#8220;Sistema Econ\u00f3mico y Rent\u00edstico de la Confederaci\u00f3n seg\u00fan la Constituci\u00f3n de 1853&#8221; de Juan Bautista Alberdi con breves ensayos introductorios de Federico Sosa Valle y Eliana Santanatoglia, entre otros autores.\" >\n\t\t\tview more\t\t<\/a>\n\n\t\t\t\t<\/div>\n\t\t\t\t<div class=\"elementor-post__meta-data\">\n\t\t\t\t\t<span class=\"elementor-post-date\">\n\t\t\tAugust 3, 2021\t\t<\/span>\n\t\t\t\t<span class=\"elementor-post-avatar\">\n\t\t\tNo Comments\t\t<\/span>\n\t\t\t\t<\/div>\n\t\t\t\t\t<\/div>\n\t\t<\/article>\n\t\t\t\t<article class=\"elementor-post elementor-grid-item post-1020 post type-post status-publish format-standard has-post-thumbnail hentry category-pasadas category-publicaciones\">\n\t\t\t<div class=\"elementor-post__card\">\n\t\t\t\t<a class=\"elementor-post__thumbnail__link\" href=\"https:\/\/ihume.org\/en\/liberal-democracies-and-authoritarian-regimes-the-case-for-law-enforcement-por-federico-sosa-valle-presidente-de-la-fundacion-hume\/\" ><div class=\"elementor-post__thumbnail\"><img loading=\"lazy\" decoding=\"async\" width=\"164\" height=\"164\" src=\"https:\/\/ihume.org\/wp-content\/uploads\/2022\/05\/NOL.jpg\" class=\"attachment-medium size-medium wp-image-1014\" alt=\"\" srcset=\"https:\/\/ihume.org\/wp-content\/uploads\/2022\/05\/NOL.jpg 164w, https:\/\/ihume.org\/wp-content\/uploads\/2022\/05\/NOL-150x150.jpg 150w\" sizes=\"auto, (max-width: 164px) 100vw, 164px\" \/><\/div><\/a>\n\t\t\t\t<div class=\"elementor-post__text\">\n\t\t\t\t<h3 class=\"elementor-post__title\">\n\t\t\t<a href=\"https:\/\/ihume.org\/en\/liberal-democracies-and-authoritarian-regimes-the-case-for-law-enforcement-por-federico-sosa-valle-presidente-de-la-fundacion-hume\/\" >\n\t\t\t\tLiberal Democracies and Authoritarian Regimes: The Case for Law Enforcement&#8221; por Federico Sosa Valle, Presidente de la Fundaci\u00f3n Hume\t\t\t<\/a>\n\t\t<\/h3>\n\t\t\n\t\t<a class=\"elementor-post__read-more\" href=\"https:\/\/ihume.org\/en\/liberal-democracies-and-authoritarian-regimes-the-case-for-law-enforcement-por-federico-sosa-valle-presidente-de-la-fundacion-hume\/\" aria-label=\"Read more about Liberal Democracies and Authoritarian Regimes: The Case for Law Enforcement&#8221; por Federico Sosa Valle, Presidente de la Fundaci\u00f3n Hume\" >\n\t\t\tview more\t\t<\/a>\n\n\t\t\t\t<\/div>\n\t\t\t\t<div class=\"elementor-post__meta-data\">\n\t\t\t\t\t<span class=\"elementor-post-date\">\n\t\t\tJuly 3, 2021\t\t<\/span>\n\t\t\t\t<span class=\"elementor-post-avatar\">\n\t\t\tNo Comments\t\t<\/span>\n\t\t\t\t<\/div>\n\t\t\t\t\t<\/div>\n\t\t<\/article>\n\t\t\t\t<article class=\"elementor-post elementor-grid-item post-1030 post type-post status-publish format-standard has-post-thumbnail hentry category-pasadas category-seminarios\">\n\t\t\t<div class=\"elementor-post__card\">\n\t\t\t\t<a class=\"elementor-post__thumbnail__link\" href=\"https:\/\/ihume.org\/en\/conferencia-algocracia-cuando-los-algoritmos-deciden-con-la-dra-delia-ferreira-rubio-presidente-de-nuestro-consejo-consultivo\/\" ><div class=\"elementor-post__thumbnail\"><img loading=\"lazy\" decoding=\"async\" width=\"300\" height=\"226\" src=\"https:\/\/ihume.org\/wp-content\/uploads\/2022\/05\/Algocracia-e1651605161603-300x226.jpg\" class=\"attachment-medium size-medium wp-image-1012\" alt=\"\" srcset=\"https:\/\/ihume.org\/wp-content\/uploads\/2022\/05\/Algocracia-e1651605161603-300x226.jpg 300w, https:\/\/ihume.org\/wp-content\/uploads\/2022\/05\/Algocracia-e1651605161603-768x578.jpg 768w, https:\/\/ihume.org\/wp-content\/uploads\/2022\/05\/Algocracia-e1651605161603.jpg 843w\" sizes=\"auto, (max-width: 300px) 100vw, 300px\" \/><\/div><\/a>\n\t\t\t\t<div class=\"elementor-post__text\">\n\t\t\t\t<h3 class=\"elementor-post__title\">\n\t\t\t<a href=\"https:\/\/ihume.org\/en\/conferencia-algocracia-cuando-los-algoritmos-deciden-con-la-dra-delia-ferreira-rubio-presidente-de-nuestro-consejo-consultivo\/\" >\n\t\t\t\tConferencia &#8220;Algocracia: cuando los algoritmos deciden&#8221; con la Dra. Delia Ferreira Rubio, Presidente de nuestro Consejo Consultivo\t\t\t<\/a>\n\t\t<\/h3>\n\t\t\n\t\t<a class=\"elementor-post__read-more\" href=\"https:\/\/ihume.org\/en\/conferencia-algocracia-cuando-los-algoritmos-deciden-con-la-dra-delia-ferreira-rubio-presidente-de-nuestro-consejo-consultivo\/\" aria-label=\"Read more about Conferencia &#8220;Algocracia: cuando los algoritmos deciden&#8221; con la Dra. Delia Ferreira Rubio, Presidente de nuestro Consejo Consultivo\" >\n\t\t\tview more\t\t<\/a>\n\n\t\t\t\t<\/div>\n\t\t\t\t<div class=\"elementor-post__meta-data\">\n\t\t\t\t\t<span class=\"elementor-post-date\">\n\t\t\tJune 3, 2021\t\t<\/span>\n\t\t\t\t<span class=\"elementor-post-avatar\">\n\t\t\tNo Comments\t\t<\/span>\n\t\t\t\t<\/div>\n\t\t\t\t\t<\/div>\n\t\t<\/article>\n\t\t\t\t<article class=\"elementor-post elementor-grid-item post-1025 post type-post status-publish format-standard has-post-thumbnail hentry category-pasadas category-seminarios\">\n\t\t\t<div class=\"elementor-post__card\">\n\t\t\t\t<a class=\"elementor-post__thumbnail__link\" href=\"https:\/\/ihume.org\/en\/la-evolucion-de-las-normas-presentacion-de-la-tesis-de-la-dra-eliana-santanatoglia-directora-ejecutiva-de-la-fundacion-hume\/\" ><div class=\"elementor-post__thumbnail\"><img loading=\"lazy\" decoding=\"async\" width=\"300\" height=\"282\" src=\"https:\/\/ihume.org\/wp-content\/uploads\/2022\/05\/La-Evolucion-de-las-Normas-e1651604997830-300x282.jpg\" class=\"attachment-medium size-medium wp-image-1013\" alt=\"\" srcset=\"https:\/\/ihume.org\/wp-content\/uploads\/2022\/05\/La-Evolucion-de-las-Normas-e1651604997830-300x282.jpg 300w, https:\/\/ihume.org\/wp-content\/uploads\/2022\/05\/La-Evolucion-de-las-Normas-e1651604997830.jpg 679w\" sizes=\"auto, (max-width: 300px) 100vw, 300px\" \/><\/div><\/a>\n\t\t\t\t<div class=\"elementor-post__text\">\n\t\t\t\t<h3 class=\"elementor-post__title\">\n\t\t\t<a href=\"https:\/\/ihume.org\/en\/la-evolucion-de-las-normas-presentacion-de-la-tesis-de-la-dra-eliana-santanatoglia-directora-ejecutiva-de-la-fundacion-hume\/\" >\n\t\t\t\tLa Evoluci\u00f3n de las Normas&#8221;: presentaci\u00f3n de la tesis de la Dra. Eliana Santanatoglia, Directora Ejecutiva de la Fundaci\u00f3n Hume\t\t\t<\/a>\n\t\t<\/h3>\n\t\t\n\t\t<a class=\"elementor-post__read-more\" href=\"https:\/\/ihume.org\/en\/la-evolucion-de-las-normas-presentacion-de-la-tesis-de-la-dra-eliana-santanatoglia-directora-ejecutiva-de-la-fundacion-hume\/\" aria-label=\"Read more about La Evoluci\u00f3n de las Normas&#8221;: presentaci\u00f3n de la tesis de la Dra. Eliana Santanatoglia, Directora Ejecutiva de la Fundaci\u00f3n Hume\" >\n\t\t\tview more\t\t<\/a>\n\n\t\t\t\t<\/div>\n\t\t\t\t<div class=\"elementor-post__meta-data\">\n\t\t\t\t\t<span class=\"elementor-post-date\">\n\t\t\tMay 15, 2021\t\t<\/span>\n\t\t\t\t<span class=\"elementor-post-avatar\">\n\t\t\tNo Comments\t\t<\/span>\n\t\t\t\t<\/div>\n\t\t\t\t\t<\/div>\n\t\t<\/article>\n\t\t\t\t<article class=\"elementor-post elementor-grid-item post-999 post type-post status-publish format-standard has-post-thumbnail hentry category-pasadas category-seminarios\">\n\t\t\t<div class=\"elementor-post__card\">\n\t\t\t\t<a class=\"elementor-post__thumbnail__link\" href=\"https:\/\/ihume.org\/en\/conferencia-foucault-y-el-liberalismo-con-el-dr-luis-diego-fernandez\/\" ><div class=\"elementor-post__thumbnail\"><img loading=\"lazy\" decoding=\"async\" width=\"300\" height=\"243\" src=\"https:\/\/ihume.org\/wp-content\/uploads\/2022\/05\/Foucault-y-el-Liberalismo-e1651604480143-300x243.jpg\" class=\"attachment-medium size-medium wp-image-1015\" alt=\"\" srcset=\"https:\/\/ihume.org\/wp-content\/uploads\/2022\/05\/Foucault-y-el-Liberalismo-e1651604480143-300x243.jpg 300w, https:\/\/ihume.org\/wp-content\/uploads\/2022\/05\/Foucault-y-el-Liberalismo-e1651604480143-768x621.jpg 768w, https:\/\/ihume.org\/wp-content\/uploads\/2022\/05\/Foucault-y-el-Liberalismo-e1651604480143.jpg 843w\" sizes=\"auto, (max-width: 300px) 100vw, 300px\" \/><\/div><\/a>\n\t\t\t\t<div class=\"elementor-post__text\">\n\t\t\t\t<h3 class=\"elementor-post__title\">\n\t\t\t<a href=\"https:\/\/ihume.org\/en\/conferencia-foucault-y-el-liberalismo-con-el-dr-luis-diego-fernandez\/\" >\n\t\t\t\tConferencia &#8220;Foucault y el Liberalismo&#8221; con el Dr. Luis Diego Fern\u00e1ndez\t\t\t<\/a>\n\t\t<\/h3>\n\t\t\n\t\t<a class=\"elementor-post__read-more\" href=\"https:\/\/ihume.org\/en\/conferencia-foucault-y-el-liberalismo-con-el-dr-luis-diego-fernandez\/\" aria-label=\"Read more about Conferencia &#8220;Foucault y el Liberalismo&#8221; con el Dr. Luis Diego Fern\u00e1ndez\" >\n\t\t\tview more\t\t<\/a>\n\n\t\t\t\t<\/div>\n\t\t\t\t<div class=\"elementor-post__meta-data\">\n\t\t\t\t\t<span class=\"elementor-post-date\">\n\t\t\tMarch 20, 2021\t\t<\/span>\n\t\t\t\t<span class=\"elementor-post-avatar\">\n\t\t\tNo Comments\t\t<\/span>\n\t\t\t\t<\/div>\n\t\t\t\t\t<\/div>\n\t\t<\/article>\n\t\t\t\t<\/div>\n\t\t\n\t\t\t\t<\/div>\n\t\t\t\t<\/div>\n\t\t\t\t<div class=\"elementor-element elementor-element-236d286 elementor-widget elementor-widget-heading\" data-id=\"236d286\" data-element_type=\"widget\" data-widget_type=\"heading.default\">\n\t\t\t\t<div class=\"elementor-widget-container\">\n\t\t\t<h2 class=\"elementor-heading-title elementor-size-default\">HIGHLIGHTS 2010-2020<\/h2>\t\t<\/div>\n\t\t\t\t<\/div>\n\t\t\t\t<div class=\"elementor-element elementor-element-0d8eb7a elementor-grid-3 elementor-grid-tablet-2 elementor-grid-mobile-1 elementor-posts--thumbnail-top elementor-card-shadow-yes elementor-posts__hover-gradient elementor-widget elementor-widget-posts\" data-id=\"0d8eb7a\" data-element_type=\"widget\" data-settings=\"{&quot;cards_columns&quot;:&quot;3&quot;,&quot;cards_columns_tablet&quot;:&quot;2&quot;,&quot;cards_columns_mobile&quot;:&quot;1&quot;,&quot;cards_row_gap&quot;:{&quot;unit&quot;:&quot;px&quot;,&quot;size&quot;:35,&quot;sizes&quot;:[]},&quot;cards_row_gap_tablet&quot;:{&quot;unit&quot;:&quot;px&quot;,&quot;size&quot;:&quot;&quot;,&quot;sizes&quot;:[]},&quot;cards_row_gap_mobile&quot;:{&quot;unit&quot;:&quot;px&quot;,&quot;size&quot;:&quot;&quot;,&quot;sizes&quot;:[]}}\" data-widget_type=\"posts.cards\">\n\t\t\t\t<div class=\"elementor-widget-container\">\n\t\t\t\t\t<div class=\"elementor-posts-container elementor-posts elementor-posts--skin-cards elementor-grid\">\n\t\t\t\t<article class=\"elementor-post elementor-grid-item post-1317 post type-post status-publish format-standard has-post-thumbnail hentry category-actividades-destacadas-2010-2020\">\n\t\t\t<div class=\"elementor-post__card\">\n\t\t\t\t<a class=\"elementor-post__thumbnail__link\" href=\"https:\/\/ihume.org\/en\/conferencia-cuatro-miradas-sobre-hume-aguilar-hurtado-perpere-santanatoglia-2020\/\" ><div class=\"elementor-post__thumbnail\"><img loading=\"lazy\" decoding=\"async\" width=\"300\" height=\"240\" src=\"https:\/\/ihume.org\/wp-content\/uploads\/2022\/05\/Cuatro-miradas-sobre-Hume-300x240.jpg\" class=\"attachment-medium size-medium wp-image-1245\" alt=\"\" srcset=\"https:\/\/ihume.org\/wp-content\/uploads\/2022\/05\/Cuatro-miradas-sobre-Hume-300x240.jpg 300w, https:\/\/ihume.org\/wp-content\/uploads\/2022\/05\/Cuatro-miradas-sobre-Hume-768x614.jpg 768w, https:\/\/ihume.org\/wp-content\/uploads\/2022\/05\/Cuatro-miradas-sobre-Hume-15x12.jpg 15w, https:\/\/ihume.org\/wp-content\/uploads\/2022\/05\/Cuatro-miradas-sobre-Hume.jpg 960w\" sizes=\"auto, (max-width: 300px) 100vw, 300px\" \/><\/div><\/a>\n\t\t\t\t<div class=\"elementor-post__text\">\n\t\t\t\t<h3 class=\"elementor-post__title\">\n\t\t\t<a href=\"https:\/\/ihume.org\/en\/conferencia-cuatro-miradas-sobre-hume-aguilar-hurtado-perpere-santanatoglia-2020\/\" >\n\t\t\t\tConferencia &#8220;Cuatro miradas sobre Hume&#8221;: Aguilar, Hurtado, P\u00e9rpere, Santanatoglia (2020)\t\t\t<\/a>\n\t\t<\/h3>\n\t\t\t\t<\/div>\n\t\t\t\t<div class=\"elementor-post__meta-data\">\n\t\t\t\t\t<span class=\"elementor-post-date\">\n\t\t\tNovember 18, 2020\t\t<\/span>\n\t\t\t\t<span class=\"elementor-post-avatar\">\n\t\t\tNo Comments\t\t<\/span>\n\t\t\t\t<\/div>\n\t\t\t\t\t<\/div>\n\t\t<\/article>\n\t\t\t\t<article class=\"elementor-post elementor-grid-item post-1312 post type-post status-publish format-standard has-post-thumbnail hentry category-actividades-destacadas-2010-2020\">\n\t\t\t<div class=\"elementor-post__card\">\n\t\t\t\t<a class=\"elementor-post__thumbnail__link\" href=\"https:\/\/ihume.org\/en\/entrevista-eliana-santanatoglia-del-club-de-la-libertad-corrientes\/\" ><div class=\"elementor-post__thumbnail\"><img loading=\"lazy\" decoding=\"async\" width=\"300\" height=\"300\" src=\"https:\/\/ihume.org\/wp-content\/uploads\/2022\/05\/Entrevista-Eliana-Club-de-la-Libertad-300x300.jpg\" class=\"attachment-medium size-medium wp-image-1246\" alt=\"\" srcset=\"https:\/\/ihume.org\/wp-content\/uploads\/2022\/05\/Entrevista-Eliana-Club-de-la-Libertad-300x300.jpg 300w, https:\/\/ihume.org\/wp-content\/uploads\/2022\/05\/Entrevista-Eliana-Club-de-la-Libertad-150x150.jpg 150w, https:\/\/ihume.org\/wp-content\/uploads\/2022\/05\/Entrevista-Eliana-Club-de-la-Libertad-12x12.jpg 12w, https:\/\/ihume.org\/wp-content\/uploads\/2022\/05\/Entrevista-Eliana-Club-de-la-Libertad.jpg 640w\" sizes=\"auto, (max-width: 300px) 100vw, 300px\" \/><\/div><\/a>\n\t\t\t\t<div class=\"elementor-post__text\">\n\t\t\t\t<h3 class=\"elementor-post__title\">\n\t\t\t<a href=\"https:\/\/ihume.org\/en\/entrevista-eliana-santanatoglia-del-club-de-la-libertad-corrientes\/\" >\n\t\t\t\tInterview with Eliana Santanatoglia of the Club de la Libertad (Corrientes)\t\t\t<\/a>\n\t\t<\/h3>\n\t\t\t\t<\/div>\n\t\t\t\t<div class=\"elementor-post__meta-data\">\n\t\t\t\t\t<span class=\"elementor-post-date\">\n\t\t\tSeptember 13, 2020\t\t<\/span>\n\t\t\t\t<span class=\"elementor-post-avatar\">\n\t\t\tNo Comments\t\t<\/span>\n\t\t\t\t<\/div>\n\t\t\t\t\t<\/div>\n\t\t<\/article>\n\t\t\t\t<article class=\"elementor-post elementor-grid-item post-1307 post type-post status-publish format-standard has-post-thumbnail hentry category-actividades-destacadas-2010-2020\">\n\t\t\t<div class=\"elementor-post__card\">\n\t\t\t\t<a class=\"elementor-post__thumbnail__link\" href=\"https:\/\/ihume.org\/en\/entrevista-a-federico-sosa-valle-del-club-de-la-libertad-corrientes\/\" ><div class=\"elementor-post__thumbnail\"><img loading=\"lazy\" decoding=\"async\" width=\"300\" height=\"300\" src=\"https:\/\/ihume.org\/wp-content\/uploads\/2022\/05\/Entrevista-Federico-Club-de-la-Libertad-300x300.jpg\" class=\"attachment-medium size-medium wp-image-1247\" alt=\"\" srcset=\"https:\/\/ihume.org\/wp-content\/uploads\/2022\/05\/Entrevista-Federico-Club-de-la-Libertad-300x300.jpg 300w, https:\/\/ihume.org\/wp-content\/uploads\/2022\/05\/Entrevista-Federico-Club-de-la-Libertad-150x150.jpg 150w, https:\/\/ihume.org\/wp-content\/uploads\/2022\/05\/Entrevista-Federico-Club-de-la-Libertad-12x12.jpg 12w, https:\/\/ihume.org\/wp-content\/uploads\/2022\/05\/Entrevista-Federico-Club-de-la-Libertad.jpg 750w\" sizes=\"auto, (max-width: 300px) 100vw, 300px\" \/><\/div><\/a>\n\t\t\t\t<div class=\"elementor-post__text\">\n\t\t\t\t<h3 class=\"elementor-post__title\">\n\t\t\t<a href=\"https:\/\/ihume.org\/en\/entrevista-a-federico-sosa-valle-del-club-de-la-libertad-corrientes\/\" >\n\t\t\t\tInterview with Federico Sosa Valle of the Club de la Libertad (Corrientes)\t\t\t<\/a>\n\t\t<\/h3>\n\t\t\t\t<\/div>\n\t\t\t\t<div class=\"elementor-post__meta-data\">\n\t\t\t\t\t<span class=\"elementor-post-date\">\n\t\t\tAugust 13, 2020\t\t<\/span>\n\t\t\t\t<span class=\"elementor-post-avatar\">\n\t\t\tNo Comments\t\t<\/span>\n\t\t\t\t<\/div>\n\t\t\t\t\t<\/div>\n\t\t<\/article>\n\t\t\t\t<article class=\"elementor-post elementor-grid-item post-1302 post type-post status-publish format-standard has-post-thumbnail hentry category-actividades-destacadas-2010-2020\">\n\t\t\t<div class=\"elementor-post__card\">\n\t\t\t\t<a class=\"elementor-post__thumbnail__link\" href=\"https:\/\/ihume.org\/en\/campus-hume-2020\/\" ><div class=\"elementor-post__thumbnail\"><img loading=\"lazy\" decoding=\"async\" width=\"300\" height=\"300\" src=\"https:\/\/ihume.org\/wp-content\/uploads\/2022\/05\/Campus-Hume-2020-300x300.jpg\" class=\"attachment-medium size-medium wp-image-1248\" alt=\"\" srcset=\"https:\/\/ihume.org\/wp-content\/uploads\/2022\/05\/Campus-Hume-2020-300x300.jpg 300w, https:\/\/ihume.org\/wp-content\/uploads\/2022\/05\/Campus-Hume-2020-150x150.jpg 150w, https:\/\/ihume.org\/wp-content\/uploads\/2022\/05\/Campus-Hume-2020-768x768.jpg 768w, https:\/\/ihume.org\/wp-content\/uploads\/2022\/05\/Campus-Hume-2020-12x12.jpg 12w, https:\/\/ihume.org\/wp-content\/uploads\/2022\/05\/Campus-Hume-2020.jpg 843w\" sizes=\"auto, (max-width: 300px) 100vw, 300px\" \/><\/div><\/a>\n\t\t\t\t<div class=\"elementor-post__text\">\n\t\t\t\t<h3 class=\"elementor-post__title\">\n\t\t\t<a href=\"https:\/\/ihume.org\/en\/campus-hume-2020\/\" >\n\t\t\t\tCampus Hume 2020\t\t\t<\/a>\n\t\t<\/h3>\n\t\t\t\t<\/div>\n\t\t\t\t<div class=\"elementor-post__meta-data\">\n\t\t\t\t\t<span class=\"elementor-post-date\">\n\t\t\tFebruary 15, 2020\t\t<\/span>\n\t\t\t\t<span class=\"elementor-post-avatar\">\n\t\t\tNo Comments\t\t<\/span>\n\t\t\t\t<\/div>\n\t\t\t\t\t<\/div>\n\t\t<\/article>\n\t\t\t\t<article class=\"elementor-post elementor-grid-item post-1297 post type-post status-publish format-standard has-post-thumbnail hentry category-actividades-destacadas-2010-2020\">\n\t\t\t<div class=\"elementor-post__card\">\n\t\t\t\t<a class=\"elementor-post__thumbnail__link\" href=\"https:\/\/ihume.org\/en\/publicacion-de-texto-tres-lecciones-sobre-instituciones-e-incentivos-en-la-revista-cultura-economica-de-la-uca\/\" ><div class=\"elementor-post__thumbnail\"><img loading=\"lazy\" decoding=\"async\" width=\"204\" height=\"300\" src=\"https:\/\/ihume.org\/wp-content\/uploads\/2022\/05\/Institutciones-e-Incentivos-Cultura-Economica-204x300.jpg\" class=\"attachment-medium size-medium wp-image-1250\" alt=\"\" srcset=\"https:\/\/ihume.org\/wp-content\/uploads\/2022\/05\/Institutciones-e-Incentivos-Cultura-Economica-204x300.jpg 204w, https:\/\/ihume.org\/wp-content\/uploads\/2022\/05\/Institutciones-e-Incentivos-Cultura-Economica-8x12.jpg 8w, https:\/\/ihume.org\/wp-content\/uploads\/2022\/05\/Institutciones-e-Incentivos-Cultura-Economica.jpg 578w\" sizes=\"auto, (max-width: 204px) 100vw, 204px\" \/><\/div><\/a>\n\t\t\t\t<div class=\"elementor-post__text\">\n\t\t\t\t<h3 class=\"elementor-post__title\">\n\t\t\t<a href=\"https:\/\/ihume.org\/en\/publicacion-de-texto-tres-lecciones-sobre-instituciones-e-incentivos-en-la-revista-cultura-economica-de-la-uca\/\" >\n\t\t\t\tPublicaci\u00f3n de &#8220;Texto:\u00a0Tres lecciones sobre instituciones e incentivos&#8221; en la revista &#8220;Cultura Econ\u00f3mica&#8221; de la UCA\t\t\t<\/a>\n\t\t<\/h3>\n\t\t\t\t<\/div>\n\t\t\t\t<div class=\"elementor-post__meta-data\">\n\t\t\t\t\t<span class=\"elementor-post-date\">\n\t\t\tSeptember 13, 2019\t\t<\/span>\n\t\t\t\t<span class=\"elementor-post-avatar\">\n\t\t\tNo Comments\t\t<\/span>\n\t\t\t\t<\/div>\n\t\t\t\t\t<\/div>\n\t\t<\/article>\n\t\t\t\t<article class=\"elementor-post elementor-grid-item post-1287 post type-post status-publish format-standard has-post-thumbnail hentry category-actividades-destacadas-2010-2020\">\n\t\t\t<div class=\"elementor-post__card\">\n\t\t\t\t<a class=\"elementor-post__thumbnail__link\" href=\"https:\/\/ihume.org\/en\/repercusion-internacional-de-un-articulo-de-nuestro-presidente-federico-sosa-valle-2019\/\" ><div class=\"elementor-post__thumbnail\"><img loading=\"lazy\" decoding=\"async\" width=\"190\" height=\"300\" src=\"https:\/\/ihume.org\/wp-content\/uploads\/2022\/05\/La-Fundacion-Hume-en-el-Cema-190x300.jpg\" class=\"attachment-medium size-medium wp-image-1251\" alt=\"\" srcset=\"https:\/\/ihume.org\/wp-content\/uploads\/2022\/05\/La-Fundacion-Hume-en-el-Cema-190x300.jpg 190w, https:\/\/ihume.org\/wp-content\/uploads\/2022\/05\/La-Fundacion-Hume-en-el-Cema-8x12.jpg 8w, https:\/\/ihume.org\/wp-content\/uploads\/2022\/05\/La-Fundacion-Hume-en-el-Cema.jpg 608w\" sizes=\"auto, (max-width: 190px) 100vw, 190px\" \/><\/div><\/a>\n\t\t\t\t<div class=\"elementor-post__text\">\n\t\t\t\t<h3 class=\"elementor-post__title\">\n\t\t\t<a href=\"https:\/\/ihume.org\/en\/repercusion-internacional-de-un-articulo-de-nuestro-presidente-federico-sosa-valle-2019\/\" >\n\t\t\t\tInternational impact of an article by our President, Federico Sosa Valle (2019)\t\t\t<\/a>\n\t\t<\/h3>\n\t\t\t\t<\/div>\n\t\t\t\t<div class=\"elementor-post__meta-data\">\n\t\t\t\t\t<span class=\"elementor-post-date\">\n\t\t\tMarch 15, 2019\t\t<\/span>\n\t\t\t\t<span class=\"elementor-post-avatar\">\n\t\t\tNo Comments\t\t<\/span>\n\t\t\t\t<\/div>\n\t\t\t\t\t<\/div>\n\t\t<\/article>\n\t\t\t\t<article class=\"elementor-post elementor-grid-item post-1277 post type-post status-publish format-standard has-post-thumbnail hentry category-actividades-destacadas-2010-2020\">\n\t\t\t<div class=\"elementor-post__card\">\n\t\t\t\t<a class=\"elementor-post__thumbnail__link\" href=\"https:\/\/ihume.org\/en\/publicacion-de-recomendacion-para-el-g20\/\" ><div class=\"elementor-post__thumbnail\"><img loading=\"lazy\" decoding=\"async\" width=\"225\" height=\"300\" src=\"https:\/\/ihume.org\/wp-content\/uploads\/2022\/05\/T20-Policy-brief-225x300.jpg\" class=\"attachment-medium size-medium wp-image-1254\" alt=\"\" srcset=\"https:\/\/ihume.org\/wp-content\/uploads\/2022\/05\/T20-Policy-brief-225x300.jpg 225w, https:\/\/ihume.org\/wp-content\/uploads\/2022\/05\/T20-Policy-brief-9x12.jpg 9w, https:\/\/ihume.org\/wp-content\/uploads\/2022\/05\/T20-Policy-brief.jpg 720w\" sizes=\"auto, (max-width: 225px) 100vw, 225px\" \/><\/div><\/a>\n\t\t\t\t<div class=\"elementor-post__text\">\n\t\t\t\t<h3 class=\"elementor-post__title\">\n\t\t\t<a href=\"https:\/\/ihume.org\/en\/publicacion-de-recomendacion-para-el-g20\/\" >\n\t\t\t\tPublication of a recommendation for the G20\u00a0\t\t\t<\/a>\n\t\t<\/h3>\n\t\t\t\t<\/div>\n\t\t\t\t<div class=\"elementor-post__meta-data\">\n\t\t\t\t\t<span class=\"elementor-post-date\">\n\t\t\tJuly 13, 2018\t\t<\/span>\n\t\t\t\t<span class=\"elementor-post-avatar\">\n\t\t\tNo Comments\t\t<\/span>\n\t\t\t\t<\/div>\n\t\t\t\t\t<\/div>\n\t\t<\/article>\n\t\t\t\t<article class=\"elementor-post elementor-grid-item post-1282 post type-post status-publish format-standard has-post-thumbnail hentry category-actividades-destacadas-2010-2020\">\n\t\t\t<div class=\"elementor-post__card\">\n\t\t\t\t<a class=\"elementor-post__thumbnail__link\" href=\"https:\/\/ihume.org\/en\/coloquio-de-liberty-fund-rationality-and-liberty-2018\/\" ><div class=\"elementor-post__thumbnail\"><img loading=\"lazy\" decoding=\"async\" width=\"219\" height=\"300\" src=\"https:\/\/ihume.org\/wp-content\/uploads\/2022\/05\/Liberty-Fund-2018-219x300.jpg\" class=\"attachment-medium size-medium wp-image-1253\" alt=\"\" srcset=\"https:\/\/ihume.org\/wp-content\/uploads\/2022\/05\/Liberty-Fund-2018-219x300.jpg 219w, https:\/\/ihume.org\/wp-content\/uploads\/2022\/05\/Liberty-Fund-2018-749x1024.jpg 749w, https:\/\/ihume.org\/wp-content\/uploads\/2022\/05\/Liberty-Fund-2018-768x1050.jpg 768w, https:\/\/ihume.org\/wp-content\/uploads\/2022\/05\/Liberty-Fund-2018-9x12.jpg 9w, https:\/\/ihume.org\/wp-content\/uploads\/2022\/05\/Liberty-Fund-2018.jpg 936w\" sizes=\"auto, (max-width: 219px) 100vw, 219px\" \/><\/div><\/a>\n\t\t\t\t<div class=\"elementor-post__text\">\n\t\t\t\t<h3 class=\"elementor-post__title\">\n\t\t\t<a href=\"https:\/\/ihume.org\/en\/coloquio-de-liberty-fund-rationality-and-liberty-2018\/\" >\n\t\t\t\tColoquio de Liberty Fund &#8220;Rationality and Liberty&#8221; (2018)\t\t\t<\/a>\n\t\t<\/h3>\n\t\t\t\t<\/div>\n\t\t\t\t<div class=\"elementor-post__meta-data\">\n\t\t\t\t\t<span class=\"elementor-post-date\">\n\t\t\tApril 20, 2018\t\t<\/span>\n\t\t\t\t<span class=\"elementor-post-avatar\">\n\t\t\tNo Comments\t\t<\/span>\n\t\t\t\t<\/div>\n\t\t\t\t\t<\/div>\n\t\t<\/article>\n\t\t\t\t<article class=\"elementor-post elementor-grid-item post-1292 post type-post status-publish format-standard has-post-thumbnail hentry category-actividades-destacadas-2010-2020\">\n\t\t\t<div class=\"elementor-post__card\">\n\t\t\t\t<a class=\"elementor-post__thumbnail__link\" href=\"https:\/\/ihume.org\/en\/hume-hoy-en-el-university-womens-club\/\" ><div class=\"elementor-post__thumbnail\"><img loading=\"lazy\" decoding=\"async\" width=\"300\" height=\"152\" src=\"https:\/\/ihume.org\/wp-content\/uploads\/2022\/05\/UWC-Hume-Hoy-e1652742186595-300x152.jpg\" class=\"attachment-medium size-medium wp-image-1249\" alt=\"\" srcset=\"https:\/\/ihume.org\/wp-content\/uploads\/2022\/05\/UWC-Hume-Hoy-e1652742186595-300x152.jpg 300w, https:\/\/ihume.org\/wp-content\/uploads\/2022\/05\/UWC-Hume-Hoy-e1652742186595-768x390.jpg 768w, https:\/\/ihume.org\/wp-content\/uploads\/2022\/05\/UWC-Hume-Hoy-e1652742186595-18x9.jpg 18w, https:\/\/ihume.org\/wp-content\/uploads\/2022\/05\/UWC-Hume-Hoy-e1652742186595.jpg 842w\" sizes=\"auto, (max-width: 300px) 100vw, 300px\" \/><\/div><\/a>\n\t\t\t\t<div class=\"elementor-post__text\">\n\t\t\t\t<h3 class=\"elementor-post__title\">\n\t\t\t<a href=\"https:\/\/ihume.org\/en\/hume-hoy-en-el-university-womens-club\/\" >\n\t\t\t\t&#8220;Hume Hoy&#8221; en el University Women\u00b4s Club\t\t\t<\/a>\n\t\t<\/h3>\n\t\t\t\t<\/div>\n\t\t\t\t<div class=\"elementor-post__meta-data\">\n\t\t\t\t\t<span class=\"elementor-post-date\">\n\t\t\tApril 18, 2018\t\t<\/span>\n\t\t\t\t<span class=\"elementor-post-avatar\">\n\t\t\tNo Comments\t\t<\/span>\n\t\t\t\t<\/div>\n\t\t\t\t\t<\/div>\n\t\t<\/article>\n\t\t\t\t<article class=\"elementor-post elementor-grid-item post-1272 post type-post status-publish format-standard has-post-thumbnail hentry category-actividades-destacadas-2010-2020\">\n\t\t\t<div class=\"elementor-post__card\">\n\t\t\t\t<a class=\"elementor-post__thumbnail__link\" href=\"https:\/\/ihume.org\/en\/participacion-en-el-t20-grupo-de-afinidad-del-g20-2018\/\" ><div class=\"elementor-post__thumbnail\"><img loading=\"lazy\" decoding=\"async\" width=\"225\" height=\"300\" src=\"https:\/\/ihume.org\/wp-content\/uploads\/2022\/05\/T20-Workshop-225x300.jpg\" class=\"attachment-medium size-medium wp-image-1255\" alt=\"\" srcset=\"https:\/\/ihume.org\/wp-content\/uploads\/2022\/05\/T20-Workshop-225x300.jpg 225w, https:\/\/ihume.org\/wp-content\/uploads\/2022\/05\/T20-Workshop-9x12.jpg 9w, https:\/\/ihume.org\/wp-content\/uploads\/2022\/05\/T20-Workshop.jpg 502w\" sizes=\"auto, (max-width: 225px) 100vw, 225px\" \/><\/div><\/a>\n\t\t\t\t<div class=\"elementor-post__text\">\n\t\t\t\t<h3 class=\"elementor-post__title\">\n\t\t\t<a href=\"https:\/\/ihume.org\/en\/participacion-en-el-t20-grupo-de-afinidad-del-g20-2018\/\" >\n\t\t\t\tParticipation in the T20, affinity group of the G20 (2018)\u00a0\t\t\t<\/a>\n\t\t<\/h3>\n\t\t\t\t<\/div>\n\t\t\t\t<div class=\"elementor-post__meta-data\">\n\t\t\t\t\t<span class=\"elementor-post-date\">\n\t\t\tFebruary 13, 2018\t\t<\/span>\n\t\t\t\t<span class=\"elementor-post-avatar\">\n\t\t\tNo Comments\t\t<\/span>\n\t\t\t\t<\/div>\n\t\t\t\t\t<\/div>\n\t\t<\/article>\n\t\t\t\t<article class=\"elementor-post elementor-grid-item post-1244 post type-post status-publish format-standard has-post-thumbnail hentry category-actividades-destacadas-2010-2020\">\n\t\t\t<div class=\"elementor-post__card\">\n\t\t\t\t<a class=\"elementor-post__thumbnail__link\" href=\"https:\/\/ihume.org\/en\/grupo-de-discusion-sobre-derecho-legislacion-y-libertad-de-friedrich-a-hayek-2016-y-2017\/\" ><div class=\"elementor-post__thumbnail\"><img loading=\"lazy\" decoding=\"async\" width=\"194\" height=\"300\" src=\"https:\/\/ihume.org\/wp-content\/uploads\/2022\/05\/Law-Legislation-and-Liberty-194x300.jpg\" class=\"attachment-medium size-medium wp-image-1256\" alt=\"\" srcset=\"https:\/\/ihume.org\/wp-content\/uploads\/2022\/05\/Law-Legislation-and-Liberty-194x300.jpg 194w, https:\/\/ihume.org\/wp-content\/uploads\/2022\/05\/Law-Legislation-and-Liberty-8x12.jpg 8w, https:\/\/ihume.org\/wp-content\/uploads\/2022\/05\/Law-Legislation-and-Liberty.jpg 324w\" sizes=\"auto, (max-width: 194px) 100vw, 194px\" \/><\/div><\/a>\n\t\t\t\t<div class=\"elementor-post__text\">\n\t\t\t\t<h3 class=\"elementor-post__title\">\n\t\t\t<a href=\"https:\/\/ihume.org\/en\/grupo-de-discusion-sobre-derecho-legislacion-y-libertad-de-friedrich-a-hayek-2016-y-2017\/\" >\n\t\t\t\tGrupo de discusi\u00f3n sobre &#8220;Derecho, Legislaci\u00f3n y Libertad&#8221;, de Friedrich A. Hayek (2016 y 2017)\t\t\t<\/a>\n\t\t<\/h3>\n\t\t\t\t<\/div>\n\t\t\t\t<div class=\"elementor-post__meta-data\">\n\t\t\t\t\t<span class=\"elementor-post-date\">\n\t\t\tNovember 28, 2017\t\t<\/span>\n\t\t\t\t<span class=\"elementor-post-avatar\">\n\t\t\tNo Comments\t\t<\/span>\n\t\t\t\t<\/div>\n\t\t\t\t\t<\/div>\n\t\t<\/article>\n\t\t\t\t<article class=\"elementor-post elementor-grid-item post-1267 post type-post status-publish format-standard has-post-thumbnail hentry category-actividades-destacadas-2010-2020\">\n\t\t\t<div class=\"elementor-post__card\">\n\t\t\t\t<a class=\"elementor-post__thumbnail__link\" href=\"https:\/\/ihume.org\/en\/desayuno-con-dr-alejandro-chafuen-estados-unidos-en-tiempos-de-trump\/\" ><div class=\"elementor-post__thumbnail\"><img loading=\"lazy\" decoding=\"async\" width=\"300\" height=\"169\" src=\"https:\/\/ihume.org\/wp-content\/uploads\/2022\/05\/Desayuno-Chafuen-300x169.jpg\" class=\"attachment-medium size-medium wp-image-1252\" alt=\"\" srcset=\"https:\/\/ihume.org\/wp-content\/uploads\/2022\/05\/Desayuno-Chafuen-300x169.jpg 300w, https:\/\/ihume.org\/wp-content\/uploads\/2022\/05\/Desayuno-Chafuen-768x432.jpg 768w, https:\/\/ihume.org\/wp-content\/uploads\/2022\/05\/Desayuno-Chafuen-18x10.jpg 18w, https:\/\/ihume.org\/wp-content\/uploads\/2022\/05\/Desayuno-Chafuen.jpg 960w\" sizes=\"auto, (max-width: 300px) 100vw, 300px\" \/><\/div><\/a>\n\t\t\t\t<div class=\"elementor-post__text\">\n\t\t\t\t<h3 class=\"elementor-post__title\">\n\t\t\t<a href=\"https:\/\/ihume.org\/en\/desayuno-con-dr-alejandro-chafuen-estados-unidos-en-tiempos-de-trump\/\" >\n\t\t\t\tDesayuno con Dr. Alejandro Chafu\u00e9n\u00a0&#8220;Estados Unidos en tiempos de Trump&#8221;.\u00a0\t\t\t<\/a>\n\t\t<\/h3>\n\t\t\t\t<\/div>\n\t\t\t\t<div class=\"elementor-post__meta-data\">\n\t\t\t\t\t<span class=\"elementor-post-date\">\n\t\t\tAugust 1, 2017\t\t<\/span>\n\t\t\t\t<span class=\"elementor-post-avatar\">\n\t\t\tNo Comments\t\t<\/span>\n\t\t\t\t<\/div>\n\t\t\t\t\t<\/div>\n\t\t<\/article>\n\t\t\t\t<article class=\"elementor-post elementor-grid-item post-1261 post type-post status-publish format-standard has-post-thumbnail hentry category-actividades-destacadas-2010-2020\">\n\t\t\t<div class=\"elementor-post__card\">\n\t\t\t\t<a class=\"elementor-post__thumbnail__link\" href=\"https:\/\/ihume.org\/en\/participacion-en-el-latin-american-atlas-liberty-forum-2017\/\" ><div class=\"elementor-post__thumbnail\"><img loading=\"lazy\" decoding=\"async\" width=\"300\" height=\"225\" src=\"https:\/\/ihume.org\/wp-content\/uploads\/2022\/05\/image1-300x225.png\" class=\"attachment-medium size-medium wp-image-1262\" alt=\"\" srcset=\"https:\/\/ihume.org\/wp-content\/uploads\/2022\/05\/image1-300x225.png 300w, https:\/\/ihume.org\/wp-content\/uploads\/2022\/05\/image1-16x12.png 16w, https:\/\/ihume.org\/wp-content\/uploads\/2022\/05\/image1.png 331w\" sizes=\"auto, (max-width: 300px) 100vw, 300px\" \/><\/div><\/a>\n\t\t\t\t<div class=\"elementor-post__text\">\n\t\t\t\t<h3 class=\"elementor-post__title\">\n\t\t\t<a href=\"https:\/\/ihume.org\/en\/participacion-en-el-latin-american-atlas-liberty-forum-2017\/\" >\n\t\t\t\tParticipation in the Latin American Atlas Liberty Forum (2017)\t\t\t<\/a>\n\t\t<\/h3>\n\t\t\t\t<\/div>\n\t\t\t\t<div class=\"elementor-post__meta-data\">\n\t\t\t\t\t<span class=\"elementor-post-date\">\n\t\t\tMay 13, 2017\t\t<\/span>\n\t\t\t\t<span class=\"elementor-post-avatar\">\n\t\t\tNo Comments\t\t<\/span>\n\t\t\t\t<\/div>\n\t\t\t\t\t<\/div>\n\t\t<\/article>\n\t\t\t\t<article class=\"elementor-post elementor-grid-item post-759 post type-post status-publish format-standard has-post-thumbnail hentry category-actividades-destacadas-2010-2020 category-seminarios\">\n\t\t\t<div class=\"elementor-post__card\">\n\t\t\t\t<a class=\"elementor-post__thumbnail__link\" href=\"https:\/\/ihume.org\/en\/seminario-derecho-politica-y-economia-2016-con-federico-sosa-valle-martin-farell-y-andres-rosler\/\" ><div class=\"elementor-post__thumbnail\"><img loading=\"lazy\" decoding=\"async\" width=\"300\" height=\"145\" src=\"https:\/\/ihume.org\/wp-content\/uploads\/2022\/04\/la_mayor_felicidad-e1649338625319-300x145.jpg\" class=\"attachment-medium size-medium wp-image-689\" alt=\"\" srcset=\"https:\/\/ihume.org\/wp-content\/uploads\/2022\/04\/la_mayor_felicidad-e1649338625319-300x145.jpg 300w, https:\/\/ihume.org\/wp-content\/uploads\/2022\/04\/la_mayor_felicidad-e1649338625319.jpg 670w\" sizes=\"auto, (max-width: 300px) 100vw, 300px\" \/><\/div><\/a>\n\t\t\t\t<div class=\"elementor-post__text\">\n\t\t\t\t<h3 class=\"elementor-post__title\">\n\t\t\t<a href=\"https:\/\/ihume.org\/en\/seminario-derecho-politica-y-economia-2016-con-federico-sosa-valle-martin-farell-y-andres-rosler\/\" >\n\t\t\t\tSeminario &#8220;Derecho, Pol\u00edtica y Econom\u00eda 2016&#8221; con Federico Sosa Valle, Mart\u00edn Farell y Andr\u00e9s Rosler.\t\t\t<\/a>\n\t\t<\/h3>\n\t\t\t\t<\/div>\n\t\t\t\t<div class=\"elementor-post__meta-data\">\n\t\t\t\t\t<span class=\"elementor-post-date\">\n\t\t\tOctober 5, 2016\t\t<\/span>\n\t\t\t\t<span class=\"elementor-post-avatar\">\n\t\t\tNo Comments\t\t<\/span>\n\t\t\t\t<\/div>\n\t\t\t\t\t<\/div>\n\t\t<\/article>\n\t\t\t\t<article class=\"elementor-post elementor-grid-item post-754 post type-post status-publish format-standard has-post-thumbnail hentry category-actividades-destacadas-2010-2020 category-cursos\">\n\t\t\t<div class=\"elementor-post__card\">\n\t\t\t\t<a class=\"elementor-post__thumbnail__link\" href=\"https:\/\/ihume.org\/en\/curso-analisis-evolutio-de-las-instituciones-diez-nociones-para-comprender-la-realidad-social-politica-e-institucional\/\" ><div class=\"elementor-post__thumbnail\"><img loading=\"lazy\" decoding=\"async\" width=\"300\" height=\"147\" src=\"https:\/\/ihume.org\/wp-content\/uploads\/2022\/04\/curso10nociones-e1649338608324-300x147.jpg\" class=\"attachment-medium size-medium wp-image-691\" alt=\"\" srcset=\"https:\/\/ihume.org\/wp-content\/uploads\/2022\/04\/curso10nociones-e1649338608324-300x147.jpg 300w, https:\/\/ihume.org\/wp-content\/uploads\/2022\/04\/curso10nociones-e1649338608324.jpg 669w\" sizes=\"auto, (max-width: 300px) 100vw, 300px\" \/><\/div><\/a>\n\t\t\t\t<div class=\"elementor-post__text\">\n\t\t\t\t<h3 class=\"elementor-post__title\">\n\t\t\t<a href=\"https:\/\/ihume.org\/en\/curso-analisis-evolutio-de-las-instituciones-diez-nociones-para-comprender-la-realidad-social-politica-e-institucional\/\" >\n\t\t\t\tCurso &#8220;An\u00e1lisis Evolutio de las Instituciones. Diez nociones para comprender la realidad social, pol\u00edtica e institucional.&#8221;\u00a0\t\t\t<\/a>\n\t\t<\/h3>\n\t\t\t\t<\/div>\n\t\t\t\t<div class=\"elementor-post__meta-data\">\n\t\t\t\t\t<span class=\"elementor-post-date\">\n\t\t\tFebruary 5, 2016\t\t<\/span>\n\t\t\t\t<span class=\"elementor-post-avatar\">\n\t\t\tNo Comments\t\t<\/span>\n\t\t\t\t<\/div>\n\t\t\t\t\t<\/div>\n\t\t<\/article>\n\t\t\t\t<article class=\"elementor-post elementor-grid-item post-744 post type-post status-publish format-standard has-post-thumbnail hentry category-actividades-destacadas-2010-2020 category-seminarios\">\n\t\t\t<div class=\"elementor-post__card\">\n\t\t\t\t<a class=\"elementor-post__thumbnail__link\" href=\"https:\/\/ihume.org\/en\/coloquio-de-liberty-fund-law-evolution-and-liberty-2\/\" ><div class=\"elementor-post__thumbnail\"><img loading=\"lazy\" decoding=\"async\" width=\"300\" height=\"225\" src=\"https:\/\/ihume.org\/wp-content\/uploads\/2022\/04\/Liberty-Fund-2015-300x225.jpg\" class=\"attachment-medium size-medium wp-image-695\" alt=\"\" srcset=\"https:\/\/ihume.org\/wp-content\/uploads\/2022\/04\/Liberty-Fund-2015-300x225.jpg 300w, https:\/\/ihume.org\/wp-content\/uploads\/2022\/04\/Liberty-Fund-2015-768x576.jpg 768w, https:\/\/ihume.org\/wp-content\/uploads\/2022\/04\/Liberty-Fund-2015.jpg 960w\" sizes=\"auto, (max-width: 300px) 100vw, 300px\" \/><\/div><\/a>\n\t\t\t\t<div class=\"elementor-post__text\">\n\t\t\t\t<h3 class=\"elementor-post__title\">\n\t\t\t<a href=\"https:\/\/ihume.org\/en\/coloquio-de-liberty-fund-law-evolution-and-liberty-2\/\" >\n\t\t\t\tColoquio de Liberty Fund &#8220;Law, Evolution and Liberty&#8221;\t\t\t<\/a>\n\t\t<\/h3>\n\t\t\t\t<\/div>\n\t\t\t\t<div class=\"elementor-post__meta-data\">\n\t\t\t\t\t<span class=\"elementor-post-date\">\n\t\t\tSeptember 18, 2015\t\t<\/span>\n\t\t\t\t<span class=\"elementor-post-avatar\">\n\t\t\tNo Comments\t\t<\/span>\n\t\t\t\t<\/div>\n\t\t\t\t\t<\/div>\n\t\t<\/article>\n\t\t\t\t<article class=\"elementor-post elementor-grid-item post-739 post type-post status-publish format-standard has-post-thumbnail hentry category-actividades-destacadas-2010-2020 category-seminarios\">\n\t\t\t<div class=\"elementor-post__card\">\n\t\t\t\t<a class=\"elementor-post__thumbnail__link\" href=\"https:\/\/ihume.org\/en\/conferencia-cooperation-and-justice-2\/\" ><div class=\"elementor-post__thumbnail\"><img loading=\"lazy\" decoding=\"async\" width=\"300\" height=\"171\" src=\"https:\/\/ihume.org\/wp-content\/uploads\/2022\/04\/seminario_cooperation_and_justice1-e1652742371828-300x171.jpg\" class=\"attachment-medium size-medium wp-image-696\" alt=\"\" srcset=\"https:\/\/ihume.org\/wp-content\/uploads\/2022\/04\/seminario_cooperation_and_justice1-e1652742371828-300x171.jpg 300w, https:\/\/ihume.org\/wp-content\/uploads\/2022\/04\/seminario_cooperation_and_justice1-e1652742371828-18x10.jpg 18w, https:\/\/ihume.org\/wp-content\/uploads\/2022\/04\/seminario_cooperation_and_justice1-e1652742371828.jpg 330w\" sizes=\"auto, (max-width: 300px) 100vw, 300px\" \/><\/div><\/a>\n\t\t\t\t<div class=\"elementor-post__text\">\n\t\t\t\t<h3 class=\"elementor-post__title\">\n\t\t\t<a href=\"https:\/\/ihume.org\/en\/conferencia-cooperation-and-justice-2\/\" >\n\t\t\t\tConferencia &#8220;Cooperation and Justice&#8221;\t\t\t<\/a>\n\t\t<\/h3>\n\t\t\t\t<\/div>\n\t\t\t\t<div class=\"elementor-post__meta-data\">\n\t\t\t\t\t<span class=\"elementor-post-date\">\n\t\t\tSeptember 18, 2015\t\t<\/span>\n\t\t\t\t<span class=\"elementor-post-avatar\">\n\t\t\tNo Comments\t\t<\/span>\n\t\t\t\t<\/div>\n\t\t\t\t\t<\/div>\n\t\t<\/article>\n\t\t\t\t<article class=\"elementor-post elementor-grid-item post-749 post type-post status-publish format-standard has-post-thumbnail hentry category-actividades-destacadas-2010-2020 category-seminarios\">\n\t\t\t<div class=\"elementor-post__card\">\n\t\t\t\t<a class=\"elementor-post__thumbnail__link\" href=\"https:\/\/ihume.org\/en\/seminario-derecho-politica-y-economia-2015-con-la-presencia-de-delia-ferreira-rubio-laura-alonso-roberto-cachanosky-etc\/\" ><div class=\"elementor-post__thumbnail\"><img loading=\"lazy\" decoding=\"async\" width=\"125\" height=\"77\" src=\"https:\/\/ihume.org\/wp-content\/uploads\/2022\/04\/alonso-e1651547223610.jpg\" class=\"attachment-medium size-medium wp-image-694\" alt=\"\" \/><\/div><\/a>\n\t\t\t\t<div class=\"elementor-post__text\">\n\t\t\t\t<h3 class=\"elementor-post__title\">\n\t\t\t<a href=\"https:\/\/ihume.org\/en\/seminario-derecho-politica-y-economia-2015-con-la-presencia-de-delia-ferreira-rubio-laura-alonso-roberto-cachanosky-etc\/\" >\n\t\t\t\tSeminario &#8220;Derecho, Pol\u00edtica y Econom\u00eda 2015&#8221; con la presencia de Delia Ferreira Rubio, Laura Alonso, Roberto Cachanosky, etc\u00a0\t\t\t<\/a>\n\t\t<\/h3>\n\t\t\t\t<\/div>\n\t\t\t\t<div class=\"elementor-post__meta-data\">\n\t\t\t\t\t<span class=\"elementor-post-date\">\n\t\t\tAugust 5, 2015\t\t<\/span>\n\t\t\t\t<span class=\"elementor-post-avatar\">\n\t\t\tNo Comments\t\t<\/span>\n\t\t\t\t<\/div>\n\t\t\t\t\t<\/div>\n\t\t<\/article>\n\t\t\t\t<article class=\"elementor-post elementor-grid-item post-728 post type-post status-publish format-standard has-post-thumbnail hentry category-actividades-destacadas-2010-2020 category-seminarios\">\n\t\t\t<div class=\"elementor-post__card\">\n\t\t\t\t<a class=\"elementor-post__thumbnail__link\" href=\"https:\/\/ihume.org\/en\/conferencia-la-racionalidad-de-las-acciones-humanas-2\/\" ><div class=\"elementor-post__thumbnail\"><img loading=\"lazy\" decoding=\"async\" width=\"267\" height=\"189\" src=\"https:\/\/ihume.org\/wp-content\/uploads\/2022\/04\/images.jpg\" class=\"attachment-medium size-medium wp-image-888\" alt=\"\" \/><\/div><\/a>\n\t\t\t\t<div class=\"elementor-post__text\">\n\t\t\t\t<h3 class=\"elementor-post__title\">\n\t\t\t<a href=\"https:\/\/ihume.org\/en\/conferencia-la-racionalidad-de-las-acciones-humanas-2\/\" >\n\t\t\t\tConferencia &#8220;La racionalidad de las acciones humanas&#8221;\t\t\t<\/a>\n\t\t<\/h3>\n\t\t\t\t<\/div>\n\t\t\t\t<div class=\"elementor-post__meta-data\">\n\t\t\t\t\t<span class=\"elementor-post-date\">\n\t\t\tNovember 5, 2014\t\t<\/span>\n\t\t\t\t<span class=\"elementor-post-avatar\">\n\t\t\tNo Comments\t\t<\/span>\n\t\t\t\t<\/div>\n\t\t\t\t\t<\/div>\n\t\t<\/article>\n\t\t\t\t<article class=\"elementor-post elementor-grid-item post-734 post type-post status-publish format-standard has-post-thumbnail hentry category-actividades-destacadas-2010-2020 category-grupos-de-discusion\">\n\t\t\t<div class=\"elementor-post__card\">\n\t\t\t\t<a class=\"elementor-post__thumbnail__link\" href=\"https:\/\/ihume.org\/en\/grupo-de-lectura-the-rational-optimist-de-matt-ridley-2\/\" ><div class=\"elementor-post__thumbnail\"><img loading=\"lazy\" decoding=\"async\" width=\"182\" height=\"277\" src=\"https:\/\/ihume.org\/wp-content\/uploads\/2022\/04\/The-Rational-Optimist-2.jpg\" class=\"attachment-medium size-medium wp-image-887\" alt=\"\" \/><\/div><\/a>\n\t\t\t\t<div class=\"elementor-post__text\">\n\t\t\t\t<h3 class=\"elementor-post__title\">\n\t\t\t<a href=\"https:\/\/ihume.org\/en\/grupo-de-lectura-the-rational-optimist-de-matt-ridley-2\/\" >\n\t\t\t\tGrupo de lectura &#8220;The Rational Optimist&#8221; de Matt Ridley\t\t\t<\/a>\n\t\t<\/h3>\n\t\t\t\t<\/div>\n\t\t\t\t<div class=\"elementor-post__meta-data\">\n\t\t\t\t\t<span class=\"elementor-post-date\">\n\t\t\tApril 5, 2014\t\t<\/span>\n\t\t\t\t<span class=\"elementor-post-avatar\">\n\t\t\tNo Comments\t\t<\/span>\n\t\t\t\t<\/div>\n\t\t\t\t\t<\/div>\n\t\t<\/article>\n\t\t\t\t<article class=\"elementor-post elementor-grid-item post-723 post type-post status-publish format-standard has-post-thumbnail hentry category-actividades-destacadas-2010-2020\">\n\t\t\t<div class=\"elementor-post__card\">\n\t\t\t\t<a class=\"elementor-post__thumbnail__link\" href=\"https:\/\/ihume.org\/en\/lanzamiento-de-la-primera-pagina-web-de-la-fundacion-hume\/\" ><div class=\"elementor-post__thumbnail\"><img loading=\"lazy\" decoding=\"async\" width=\"232\" height=\"189\" src=\"https:\/\/ihume.org\/wp-content\/uploads\/2022\/04\/investigadores-derecha1.jpg\" class=\"attachment-medium size-medium wp-image-697\" alt=\"\" \/><\/div><\/a>\n\t\t\t\t<div class=\"elementor-post__text\">\n\t\t\t\t<h3 class=\"elementor-post__title\">\n\t\t\t<a href=\"https:\/\/ihume.org\/en\/lanzamiento-de-la-primera-pagina-web-de-la-fundacion-hume\/\" >\n\t\t\t\tLaunching of Hume Foundation\u00b4s first website\u00a0\t\t\t<\/a>\n\t\t<\/h3>\n\t\t\t\t<\/div>\n\t\t\t\t<div class=\"elementor-post__meta-data\">\n\t\t\t\t\t<span class=\"elementor-post-date\">\n\t\t\tApril 5, 2013\t\t<\/span>\n\t\t\t\t<span class=\"elementor-post-avatar\">\n\t\t\tNo Comments\t\t<\/span>\n\t\t\t\t<\/div>\n\t\t\t\t\t<\/div>\n\t\t<\/article>\n\t\t\t\t<article class=\"elementor-post elementor-grid-item post-718 post type-post status-publish format-standard has-post-thumbnail hentry category-actividades-destacadas-2010-2020 category-cursos\">\n\t\t\t<div class=\"elementor-post__card\">\n\t\t\t\t<a class=\"elementor-post__thumbnail__link\" href=\"https:\/\/ihume.org\/en\/curso-introduccion-a-la-teoria-de-los-juegos-en-ciencias-sociales\/\" ><div class=\"elementor-post__thumbnail\"><img loading=\"lazy\" decoding=\"async\" width=\"300\" height=\"152\" src=\"https:\/\/ihume.org\/wp-content\/uploads\/2022\/04\/Ultmatum_game-300x152.png\" class=\"attachment-medium size-medium wp-image-698\" alt=\"\" srcset=\"https:\/\/ihume.org\/wp-content\/uploads\/2022\/04\/Ultmatum_game-300x152.png 300w, https:\/\/ihume.org\/wp-content\/uploads\/2022\/04\/Ultmatum_game.png 377w\" sizes=\"auto, (max-width: 300px) 100vw, 300px\" \/><\/div><\/a>\n\t\t\t\t<div class=\"elementor-post__text\">\n\t\t\t\t<h3 class=\"elementor-post__title\">\n\t\t\t<a href=\"https:\/\/ihume.org\/en\/curso-introduccion-a-la-teoria-de-los-juegos-en-ciencias-sociales\/\" >\n\t\t\t\tCourse: Introduction to the Game Theory in Social Sciences\u00a0\t\t\t<\/a>\n\t\t<\/h3>\n\t\t\t\t<\/div>\n\t\t\t\t<div class=\"elementor-post__meta-data\">\n\t\t\t\t\t<span class=\"elementor-post-date\">\n\t\t\tApril 5, 2012\t\t<\/span>\n\t\t\t\t<span class=\"elementor-post-avatar\">\n\t\t\tNo Comments\t\t<\/span>\n\t\t\t\t<\/div>\n\t\t\t\t\t<\/div>\n\t\t<\/article>\n\t\t\t\t<article class=\"elementor-post elementor-grid-item post-712 post type-post status-publish format-standard has-post-thumbnail hentry category-actividades-destacadas-2010-2020 category-cursos\">\n\t\t\t<div class=\"elementor-post__card\">\n\t\t\t\t<a class=\"elementor-post__thumbnail__link\" href=\"https:\/\/ihume.org\/en\/curso-las-teorias-evolutivas-en-ciencias-sociales-con-eseade\/\" ><div class=\"elementor-post__thumbnail\"><img loading=\"lazy\" decoding=\"async\" width=\"300\" height=\"129\" src=\"https:\/\/ihume.org\/wp-content\/uploads\/2022\/04\/twitter-heading-2-300x129.jpg\" class=\"attachment-medium size-medium wp-image-699\" alt=\"\" srcset=\"https:\/\/ihume.org\/wp-content\/uploads\/2022\/04\/twitter-heading-2-300x129.jpg 300w, https:\/\/ihume.org\/wp-content\/uploads\/2022\/04\/twitter-heading-2.jpg 521w\" sizes=\"auto, (max-width: 300px) 100vw, 300px\" \/><\/div><\/a>\n\t\t\t\t<div class=\"elementor-post__text\">\n\t\t\t\t<h3 class=\"elementor-post__title\">\n\t\t\t<a href=\"https:\/\/ihume.org\/en\/curso-las-teorias-evolutivas-en-ciencias-sociales-con-eseade\/\" >\n\t\t\t\tCourse: Evolutionary Theories in Social Sciences with ESEADE\t\t\t<\/a>\n\t\t<\/h3>\n\t\t\t\t<\/div>\n\t\t\t\t<div class=\"elementor-post__meta-data\">\n\t\t\t\t\t<span class=\"elementor-post-date\">\n\t\t\tApril 5, 2011\t\t<\/span>\n\t\t\t\t<span class=\"elementor-post-avatar\">\n\t\t\tNo Comments\t\t<\/span>\n\t\t\t\t<\/div>\n\t\t\t\t\t<\/div>\n\t\t<\/article>\n\t\t\t\t<article class=\"elementor-post elementor-grid-item post-707 post type-post status-publish format-standard has-post-thumbnail hentry category-actividades-destacadas-2010-2020 category-seminarios\">\n\t\t\t<div class=\"elementor-post__card\">\n\t\t\t\t<a class=\"elementor-post__thumbnail__link\" href=\"https:\/\/ihume.org\/en\/seminario-interno-de-investigadores-2010\/\" ><div class=\"elementor-post__thumbnail\"><img loading=\"lazy\" decoding=\"async\" width=\"300\" height=\"177\" src=\"https:\/\/ihume.org\/wp-content\/uploads\/2022\/04\/SDC12342-300x177.jpg\" class=\"attachment-medium size-medium wp-image-700\" alt=\"\" srcset=\"https:\/\/ihume.org\/wp-content\/uploads\/2022\/04\/SDC12342-300x177.jpg 300w, https:\/\/ihume.org\/wp-content\/uploads\/2022\/04\/SDC12342-1024x605.jpg 1024w, https:\/\/ihume.org\/wp-content\/uploads\/2022\/04\/SDC12342-768x453.jpg 768w, https:\/\/ihume.org\/wp-content\/uploads\/2022\/04\/SDC12342-1536x907.jpg 1536w, https:\/\/ihume.org\/wp-content\/uploads\/2022\/04\/SDC12342-2048x1209.jpg 2048w\" sizes=\"auto, (max-width: 300px) 100vw, 300px\" \/><\/div><\/a>\n\t\t\t\t<div class=\"elementor-post__text\">\n\t\t\t\t<h3 class=\"elementor-post__title\">\n\t\t\t<a href=\"https:\/\/ihume.org\/en\/seminario-interno-de-investigadores-2010\/\" >\n\t\t\t\tResearchers Seminar 2010\t\t\t<\/a>\n\t\t<\/h3>\n\t\t\t\t<\/div>\n\t\t\t\t<div class=\"elementor-post__meta-data\">\n\t\t\t\t\t<span class=\"elementor-post-date\">\n\t\t\tApril 5, 2010\t\t<\/span>\n\t\t\t\t<span class=\"elementor-post-avatar\">\n\t\t\tNo Comments\t\t<\/span>\n\t\t\t\t<\/div>\n\t\t\t\t\t<\/div>\n\t\t<\/article>\n\t\t\t\t<article class=\"elementor-post elementor-grid-item post-687 post type-post status-publish format-standard has-post-thumbnail hentry category-actividades-destacadas-2010-2020 category-grupos-de-discusion\">\n\t\t\t<div class=\"elementor-post__card\">\n\t\t\t\t<a class=\"elementor-post__thumbnail__link\" href=\"https:\/\/ihume.org\/en\/grupo-de-lectura-de-la-obra-de-friedrich-a-hayek-2009\/\" ><div class=\"elementor-post__thumbnail\"><img loading=\"lazy\" decoding=\"async\" width=\"300\" height=\"300\" src=\"https:\/\/ihume.org\/wp-content\/uploads\/2022\/04\/11374564_980835531950770_173536601_n-300x300.jpg\" class=\"attachment-medium size-medium wp-image-701\" alt=\"\" srcset=\"https:\/\/ihume.org\/wp-content\/uploads\/2022\/04\/11374564_980835531950770_173536601_n-300x300.jpg 300w, https:\/\/ihume.org\/wp-content\/uploads\/2022\/04\/11374564_980835531950770_173536601_n-150x150.jpg 150w, https:\/\/ihume.org\/wp-content\/uploads\/2022\/04\/11374564_980835531950770_173536601_n.jpg 640w\" sizes=\"auto, (max-width: 300px) 100vw, 300px\" \/><\/div><\/a>\n\t\t\t\t<div class=\"elementor-post__text\">\n\t\t\t\t<h3 class=\"elementor-post__title\">\n\t\t\t<a href=\"https:\/\/ihume.org\/en\/grupo-de-lectura-de-la-obra-de-friedrich-a-hayek-2009\/\" >\n\t\t\t\tReading group of the work of Friedrich A. Hayek 2009\t\t\t<\/a>\n\t\t<\/h3>\n\t\t\t\t<\/div>\n\t\t\t\t<div class=\"elementor-post__meta-data\">\n\t\t\t\t\t<span class=\"elementor-post-date\">\n\t\t\tApril 5, 2009\t\t<\/span>\n\t\t\t\t<span class=\"elementor-post-avatar\">\n\t\t\tNo Comments\t\t<\/span>\n\t\t\t\t<\/div>\n\t\t\t\t\t<\/div>\n\t\t<\/article>\n\t\t\t\t<\/div>\n\t\t\n\t\t\t\t<\/div>\n\t\t\t\t<\/div>\n\t\t\t\t\t<\/div>\n\t\t<\/div>\n\t\t\t\t<div class=\"elementor-column elementor-col-50 elementor-top-column elementor-element elementor-element-031a0b8\" data-id=\"031a0b8\" data-element_type=\"column\">\n\t\t\t<div class=\"elementor-widget-wrap elementor-element-populated\">\n\t\t\t\t\t\t\t\t<div class=\"elementor-element elementor-element-b22ed0f elementor-search-form--skin-classic elementor-search-form--button-type-icon elementor-search-form--icon-search elementor-widget elementor-widget-search-form\" data-id=\"b22ed0f\" data-element_type=\"widget\" data-settings=\"{&quot;skin&quot;:&quot;classic&quot;}\" data-widget_type=\"search-form.default\">\n\t\t\t\t<div class=\"elementor-widget-container\">\n\t\t\t\t\t<form class=\"elementor-search-form\" action=\"https:\/\/ihume.org\/en\" method=\"get\" role=\"search\" data-trp-original-action=\"https:\/\/ihume.org\/en\">\n\t\t\t\t\t\t\t\t\t<div class=\"elementor-search-form__container\">\n\t\t\t\t<label class=\"elementor-screen-only\" for=\"elementor-search-form-b22ed0f\">Search<\/label>\n\n\t\t\t\t\n\t\t\t\t<input id=\"elementor-search-form-b22ed0f\" placeholder=\"Buscar...\" class=\"elementor-search-form__input\" type=\"search\" name=\"s\" value=\"\">\n\t\t\t\t\n\t\t\t\t\t\t\t\t\t<button class=\"elementor-search-form__submit\" type=\"submit\" aria-label=\"Search\">\n\t\t\t\t\t\t\t\t\t\t\t\t\t<i aria-hidden=\"true\" class=\"fas fa-search\"><\/i>\t\t\t\t\t\t\t<span class=\"elementor-screen-only\">Search<\/span>\n\t\t\t\t\t\t\t\t\t\t\t<\/button>\n\t\t\t\t\n\t\t\t\t\t\t\t<\/div>\n\t\t<input type=\"hidden\" name=\"trp-form-language\" value=\"en\"\/><\/form>\n\t\t\t\t<\/div>\n\t\t\t\t<\/div>\n\t\t\t\t<div class=\"elementor-element elementor-element-7a1ca25 elementor-widget elementor-widget-heading\" data-id=\"7a1ca25\" data-element_type=\"widget\" data-widget_type=\"heading.default\">\n\t\t\t\t<div class=\"elementor-widget-container\">\n\t\t\t<h2 class=\"elementor-heading-title elementor-size-default\">Categories<\/h2>\t\t<\/div>\n\t\t\t\t<\/div>\n\t\t\t\t<div class=\"elementor-element elementor-element-0d262ab elementor-widget elementor-widget-sidebar\" data-id=\"0d262ab\" data-element_type=\"widget\" data-widget_type=\"sidebar.default\">\n\t\t\t\t<div class=\"elementor-widget-container\">\n\t\t\t<aside id=\"wpcategorieswidget-5\" class=\"widget widget_wpcategorieswidget\"><ul class=\"wpcategorieswidget-5\">\t<li class=\"cat-item cat-item-16\"><a href=\"https:\/\/ihume.org\/en\/category\/actividades\/cursos\/\">Courses<\/a>\n<\/li>\n\t<li class=\"cat-item cat-item-17\"><a href=\"https:\/\/ihume.org\/en\/category\/actividades\/eventos\/\">Events<\/a>\n<\/li>\n\t<li class=\"cat-item cat-item-18\"><a href=\"https:\/\/ihume.org\/en\/category\/actividades\/grupos-de-discusion\/\">Discussion groups<\/a>\n<\/li>\n\t<li class=\"cat-item cat-item-19\"><a href=\"https:\/\/ihume.org\/en\/category\/actividades\/publicaciones\/\">Publications<\/a>\n<\/li>\n\t<li class=\"cat-item cat-item-20\"><a href=\"https:\/\/ihume.org\/en\/category\/actividades\/seminarios\/\">Seminars<\/a>\n<\/li>\n<\/ul><\/aside><aside id=\"block-2\" class=\"widget widget_block widget_text\">\n<p><\/p>\n<\/aside><aside id=\"block-4\" class=\"widget widget_block\"><p>\n<div class=\"wpcf7 no-js\" id=\"wpcf7-f1435-o1\" lang=\"es-ES\" dir=\"ltr\">\n<div class=\"screen-reader-response\"><p role=\"status\" aria-live=\"polite\" aria-atomic=\"true\"><\/p> <ul><\/ul><\/div>\n<form action=\"\/en\/wp-json\/wp\/v2\/pages\/39#wpcf7-f1435-o1\" method=\"post\" class=\"wpcf7-form init\" aria-label=\"Formulario de contacto\" novalidate=\"novalidate\" data-status=\"init\" data-trp-original-action=\"\/en\/wp-json\/wp\/v2\/pages\/39#wpcf7-f1435-o1\">\n<div style=\"display: none;\">\n<input type=\"hidden\" name=\"_wpcf7\" value=\"1435\" \/>\n<input type=\"hidden\" name=\"_wpcf7_version\" value=\"5.8\" \/>\n<input type=\"hidden\" name=\"_wpcf7_locale\" value=\"es_ES\" \/>\n<input type=\"hidden\" name=\"_wpcf7_unit_tag\" value=\"wpcf7-f1435-o1\" \/>\n<input type=\"hidden\" name=\"_wpcf7_container_post\" value=\"0\" \/>\n<input type=\"hidden\" name=\"_wpcf7_posted_data_hash\" value=\"\" \/>\n<\/div>\n<h4 style=\"font-weigth:bold;\">Suscribe to our Newsletter:\n<\/h4>\n<p><br \/>\n<label> Your name<br \/>\n<span class=\"wpcf7-form-control-wrap\" data-name=\"your-name\"><input size=\"40\" class=\"wpcf7-form-control wpcf7-text wpcf7-validates-as-required\" aria-required=\"true\" aria-invalid=\"false\" value=\"\" type=\"text\" name=\"your-name\" \/><\/span> <\/label>\n<\/p>\n<p><label> Your email<br \/>\n<span class=\"wpcf7-form-control-wrap\" data-name=\"your-email\"><input size=\"40\" class=\"wpcf7-form-control wpcf7-email wpcf7-validates-as-required wpcf7-text wpcf7-validates-as-email\" aria-required=\"true\" aria-invalid=\"false\" value=\"\" type=\"email\" name=\"your-email\" \/><\/span> <\/label>\n<\/p>\n<p><input class=\"wpcf7-form-control wpcf7-submit has-spinner\" type=\"submit\" value=\"Send\" \/>\n<\/p><input type='hidden' class='wpcf7-pum' value='{\"closepopup\":false,\"closedelay\":0,\"openpopup\":false,\"openpopup_id\":0}' \/><div class=\"wpcf7-response-output\" aria-hidden=\"true\"><\/div>\n<input type=\"hidden\" name=\"trp-form-language\" value=\"en\"\/><\/form>\n<\/div>\n<\/p>\n<\/aside>\t\t<\/div>\n\t\t\t\t<\/div>\n\t\t\t\t\t<\/div>\n\t\t<\/div>\n\t\t\t\t\t\t\t<\/div>\n\t\t<\/section>\n\t\t\t\t\t\t\t<\/div>","protected":false},"excerpt":{"rendered":"<p>Actividades Pr\u00f3ximas Actividades Actividades Pasadas Actividades Destacadas 2010- 2020 Categorias<\/p>","protected":false},"author":1,"featured_media":0,"parent":0,"menu_order":0,"comment_status":"closed","ping_status":"closed","template":"","meta":{"_eb_attr":"","site-sidebar-layout":"no-sidebar","site-content-layout":"page-builder","ast-global-header-display":"","ast-main-header-display":"","ast-hfb-above-header-display":"","ast-hfb-below-header-display":"","ast-hfb-mobile-header-display":"","site-post-title":"disabled","ast-breadcrumbs-content":"","ast-featured-img":"disabled","footer-sml-layout":"disabled","theme-transparent-header-meta":"default","adv-header-id-meta":"","stick-header-meta":"","header-above-stick-meta":"","header-main-stick-meta":"","header-below-stick-meta":"","footnotes":""},"class_list":["post-39","page","type-page","status-publish","hentry"],"_links":{"self":[{"href":"https:\/\/ihume.org\/en\/wp-json\/wp\/v2\/pages\/39","targetHints":{"allow":["GET"]}}],"collection":[{"href":"https:\/\/ihume.org\/en\/wp-json\/wp\/v2\/pages"}],"about":[{"href":"https:\/\/ihume.org\/en\/wp-json\/wp\/v2\/types\/page"}],"author":[{"embeddable":true,"href":"https:\/\/ihume.org\/en\/wp-json\/wp\/v2\/users\/1"}],"replies":[{"embeddable":true,"href":"https:\/\/ihume.org\/en\/wp-json\/wp\/v2\/comments?post=39"}],"version-history":[{"count":109,"href":"https:\/\/ihume.org\/en\/wp-json\/wp\/v2\/pages\/39\/revisions"}],"predecessor-version":[{"id":1442,"href":"https:\/\/ihume.org\/en\/wp-json\/wp\/v2\/pages\/39\/revisions\/1442"}],"wp:attachment":[{"href":"https:\/\/ihume.org\/en\/wp-json\/wp\/v2\/media?parent=39"}],"curies":[{"name":"wp","href":"https:\/\/api.w.org\/{rel}","templated":true}]}}